{"id":3938,"date":"2021-01-07T10:30:53","date_gmt":"2021-01-07T09:30:53","guid":{"rendered":"https:\/\/www.bbsabogados.com\/dret-fiscal-i-comptable\/"},"modified":"2021-03-17T08:32:24","modified_gmt":"2021-03-17T07:32:24","slug":"dret-fiscal-i-comptable","status":"publish","type":"page","link":"https:\/\/www.bbsabogados.com\/ca\/dret-fiscal-i-comptable\/","title":{"rendered":"Dret Fiscal i Comptable"},"content":{"rendered":"\t\t<div data-elementor-type=\"wp-page\" data-elementor-id=\"3938\" class=\"elementor elementor-3938 elementor-566\" data-elementor-post-type=\"page\">\n\t\t\t\t\t\t<section class=\"elementor-section elementor-top-section elementor-element elementor-element-30156451 elementor-section-boxed elementor-section-height-default elementor-section-height-default\" data-id=\"30156451\" data-element_type=\"section\" data-e-type=\"section\">\n\t\t\t\t\t\t<div class=\"elementor-container elementor-column-gap-no\">\n\t\t\t\t\t<div class=\"elementor-column elementor-col-100 elementor-top-column elementor-element elementor-element-33159f6c\" data-id=\"33159f6c\" data-element_type=\"column\" data-e-type=\"column\" data-settings=\"{&quot;background_background&quot;:&quot;classic&quot;}\">\n\t\t\t<div class=\"elementor-widget-wrap elementor-element-populated\">\n\t\t\t\t\t\t<section class=\"elementor-section elementor-inner-section elementor-element elementor-element-30a83c07 elementor-section-boxed elementor-section-height-default elementor-section-height-default\" data-id=\"30a83c07\" data-element_type=\"section\" data-e-type=\"section\">\n\t\t\t\t\t\t<div class=\"elementor-container elementor-column-gap-default\">\n\t\t\t\t\t<div class=\"elementor-column elementor-col-100 elementor-inner-column elementor-element elementor-element-66bef5b4\" data-id=\"66bef5b4\" data-element_type=\"column\" data-e-type=\"column\">\n\t\t\t<div class=\"elementor-widget-wrap elementor-element-populated\">\n\t\t\t\t\t\t<div class=\"elementor-element elementor-element-667eeec6 elementor-widget elementor-widget-image\" data-id=\"667eeec6\" data-element_type=\"widget\" data-e-type=\"widget\" data-widget_type=\"image.default\">\n\t\t\t\t<div class=\"elementor-widget-container\">\n\t\t\t\t\t\t\t\t\t\t\t\t\t\t\t<img fetchpriority=\"high\" decoding=\"async\" width=\"917\" height=\"297\" src=\"https:\/\/www.bbsabogados.com\/wp-content\/uploads\/2020\/04\/bbs-abogados-especialistas.jpg\" class=\"attachment-full size-full wp-image-296\" alt=\"bbs-abogados-especialistas\" srcset=\"https:\/\/www.bbsabogados.com\/wp-content\/uploads\/2020\/04\/bbs-abogados-especialistas.jpg 917w, https:\/\/www.bbsabogados.com\/wp-content\/uploads\/2020\/04\/bbs-abogados-especialistas-300x97.jpg 300w, https:\/\/www.bbsabogados.com\/wp-content\/uploads\/2020\/04\/bbs-abogados-especialistas-768x249.jpg 768w\" sizes=\"(max-width: 917px) 100vw, 917px\" \/>\t\t\t\t\t\t\t\t\t\t\t\t\t\t\t<\/div>\n\t\t\t\t<\/div>\n\t\t\t\t<div class=\"elementor-element elementor-element-6ba64090 elementor-widget elementor-widget-breadcrumbs\" data-id=\"6ba64090\" data-element_type=\"widget\" data-e-type=\"widget\" data-widget_type=\"breadcrumbs.default\">\n\t\t\t\t<div class=\"elementor-widget-container\">\n\t\t\t\t\t<p id=\"breadcrumbs\"><span><span><a href=\"https:\/\/www.bbsabogados.com\/ca\/\"><i class=\"fa fa-home\"><\/i><\/a><\/span><\/span><\/p>\t\t\t\t<\/div>\n\t\t\t\t<\/div>\n\t\t\t\t\t<\/div>\n\t\t<\/div>\n\t\t\t\t\t<\/div>\n\t\t<\/section>\n\t\t\t\t<section class=\"elementor-section elementor-inner-section elementor-element elementor-element-39ec7172 elementor-reverse-mobile elementor-section-boxed elementor-section-height-default elementor-section-height-default\" data-id=\"39ec7172\" data-element_type=\"section\" data-e-type=\"section\">\n\t\t\t\t\t\t<div class=\"elementor-container elementor-column-gap-extended\">\n\t\t\t\t\t<div class=\"elementor-column elementor-col-50 elementor-inner-column elementor-element elementor-element-11517ff3\" data-id=\"11517ff3\" data-element_type=\"column\" data-e-type=\"column\">\n\t\t\t<div class=\"elementor-widget-wrap elementor-element-populated\">\n\t\t\t\t\t\t<div class=\"elementor-element elementor-element-937b7c8 elementor-widget elementor-widget-heading\" data-id=\"937b7c8\" data-element_type=\"widget\" data-e-type=\"widget\" data-widget_type=\"heading.default\">\n\t\t\t\t<div class=\"elementor-widget-container\">\n\t\t\t\t\t<h4 class=\"elementor-heading-title elementor-size-default\">\"BBS Advocats Experts en Dret Fiscal i Comptable\".<\/h4>\t\t\t\t<\/div>\n\t\t\t\t<\/div>\n\t\t\t\t<div class=\"elementor-element elementor-element-a7552f0 elementor-widget elementor-widget-image\" data-id=\"a7552f0\" data-element_type=\"widget\" data-e-type=\"widget\" data-widget_type=\"image.default\">\n\t\t\t\t<div class=\"elementor-widget-container\">\n\t\t\t\t\t\t\t\t\t\t\t\t\t\t\t<img decoding=\"async\" width=\"271\" height=\"180\" src=\"https:\/\/www.bbsabogados.com\/wp-content\/uploads\/2020\/09\/clausula-suelo-bbs-abogados-p.jpg\" class=\"attachment-large size-large wp-image-3340\" alt=\"clausula-suelo-bbs-acl\u00e1usula suelo bbs abogadosbogados-p\" \/>\t\t\t\t\t\t\t\t\t\t\t\t\t\t\t<\/div>\n\t\t\t\t<\/div>\n\t\t\t\t\t<\/div>\n\t\t<\/div>\n\t\t\t\t<div class=\"elementor-column elementor-col-50 elementor-inner-column elementor-element elementor-element-40c4efa0\" data-id=\"40c4efa0\" data-element_type=\"column\" data-e-type=\"column\">\n\t\t\t<div class=\"elementor-widget-wrap elementor-element-populated\">\n\t\t\t\t\t\t<div class=\"elementor-element elementor-element-1889339f elementor-widget elementor-widget-heading\" data-id=\"1889339f\" data-element_type=\"widget\" data-e-type=\"widget\" data-widget_type=\"heading.default\">\n\t\t\t\t<div class=\"elementor-widget-container\">\n\t\t\t\t\t<h1 class=\"elementor-heading-title elementor-size-default\">Dret Fiscal i Comptable<\/h1>\t\t\t\t<\/div>\n\t\t\t\t<\/div>\n\t\t\t\t<div class=\"elementor-element elementor-element-6f544ccb elementor-widget elementor-widget-heading\" data-id=\"6f544ccb\" data-element_type=\"widget\" data-e-type=\"widget\" data-widget_type=\"heading.default\">\n\t\t\t\t<div class=\"elementor-widget-container\">\n\t\t\t\t\t<h2 class=\"elementor-heading-title elementor-size-default\">\"TREBALLEM PERQU\u00c8 ELS NOSTRES CLIENTS ACONSEGUEIXIN UN BON ESTALVI AMB UNA BONA PLANIFICACI\u00d3\"<\/h2>\t\t\t\t<\/div>\n\t\t\t\t<\/div>\n\t\t\t\t<div class=\"elementor-element elementor-element-6a0e0721 elementor-widget elementor-widget-text-editor\" data-id=\"6a0e0721\" data-element_type=\"widget\" data-e-type=\"widget\" data-widget_type=\"text-editor.default\">\n\t\t\t\t<div class=\"elementor-widget-container\">\n\t\t\t\t\t\t\t\t\t<p>Una bona planificaci\u00f3 fiscal \u00e9s b\u00e0sica per al desenvolupament de qualsevol projecte personal i professional.<br \/>\nPer aix\u00f2 a BBS Advocats oferim un dels serveis en assessorament de m\u00e9s qualitat que existeixen, que inclou des de la gesti\u00f3 directa fins a la planificaci\u00f3 estrat\u00e8gica, amb pro activitat i rigorositat.<\/p>\n\t\t\t\t\t\t\t\t<\/div>\n\t\t\t\t<\/div>\n\t\t\t\t<div class=\"elementor-element elementor-element-a632718 elementor-widget__width-auto elementor-view-default elementor-position-block-start elementor-mobile-position-block-start elementor-widget elementor-widget-icon-box\" data-id=\"a632718\" data-element_type=\"widget\" data-e-type=\"widget\" data-widget_type=\"icon-box.default\">\n\t\t\t\t<div class=\"elementor-widget-container\">\n\t\t\t\t\t\t\t<div class=\"elementor-icon-box-wrapper\">\n\n\t\t\t\t\t\t<div class=\"elementor-icon-box-icon\">\n\t\t\t\t<span  class=\"elementor-icon\">\n\t\t\t\t<svg aria-hidden=\"true\" class=\"e-font-icon-svg e-far-file-alt\" viewBox=\"0 0 384 512\" xmlns=\"http:\/\/www.w3.org\/2000\/svg\"><path d=\"M288 248v28c0 6.6-5.4 12-12 12H108c-6.6 0-12-5.4-12-12v-28c0-6.6 5.4-12 12-12h168c6.6 0 12 5.4 12 12zm-12 72H108c-6.6 0-12 5.4-12 12v28c0 6.6 5.4 12 12 12h168c6.6 0 12-5.4 12-12v-28c0-6.6-5.4-12-12-12zm108-188.1V464c0 26.5-21.5 48-48 48H48c-26.5 0-48-21.5-48-48V48C0 21.5 21.5 0 48 0h204.1C264.8 0 277 5.1 286 14.1L369.9 98c9 8.9 14.1 21.2 14.1 33.9zm-128-80V128h76.1L256 51.9zM336 464V176H232c-13.3 0-24-10.7-24-24V48H48v416h288z\"><\/path><\/svg>\t\t\t\t<\/span>\n\t\t\t<\/div>\n\t\t\t\n\t\t\t\t\t\t<div class=\"elementor-icon-box-content\">\n\n\t\t\t\t\n\t\t\t\t\t\t\t\t\t<p class=\"elementor-icon-box-description\">\n\t\t\t\t\t\tGesti\u00f3 documental i relacions Xat amb Ag\u00e8ncia Tribut\u00e0ria\t\t\t\t\t<\/p>\n\t\t\t\t\n\t\t\t<\/div>\n\t\t\t\n\t\t<\/div>\n\t\t\t\t\t\t<\/div>\n\t\t\t\t<\/div>\n\t\t\t\t<div class=\"elementor-element elementor-element-d646556 elementor-widget__width-auto elementor-view-default elementor-position-block-start elementor-mobile-position-block-start elementor-widget elementor-widget-icon-box\" data-id=\"d646556\" data-element_type=\"widget\" data-e-type=\"widget\" data-widget_type=\"icon-box.default\">\n\t\t\t\t<div class=\"elementor-widget-container\">\n\t\t\t\t\t\t\t<div class=\"elementor-icon-box-wrapper\">\n\n\t\t\t\t\t\t<div class=\"elementor-icon-box-icon\">\n\t\t\t\t<span  class=\"elementor-icon\">\n\t\t\t\t<svg aria-hidden=\"true\" class=\"e-font-icon-svg e-far-calendar-alt\" viewBox=\"0 0 448 512\" xmlns=\"http:\/\/www.w3.org\/2000\/svg\"><path d=\"M148 288h-40c-6.6 0-12-5.4-12-12v-40c0-6.6 5.4-12 12-12h40c6.6 0 12 5.4 12 12v40c0 6.6-5.4 12-12 12zm108-12v-40c0-6.6-5.4-12-12-12h-40c-6.6 0-12 5.4-12 12v40c0 6.6 5.4 12 12 12h40c6.6 0 12-5.4 12-12zm96 0v-40c0-6.6-5.4-12-12-12h-40c-6.6 0-12 5.4-12 12v40c0 6.6 5.4 12 12 12h40c6.6 0 12-5.4 12-12zm-96 96v-40c0-6.6-5.4-12-12-12h-40c-6.6 0-12 5.4-12 12v40c0 6.6 5.4 12 12 12h40c6.6 0 12-5.4 12-12zm-96 0v-40c0-6.6-5.4-12-12-12h-40c-6.6 0-12 5.4-12 12v40c0 6.6 5.4 12 12 12h40c6.6 0 12-5.4 12-12zm192 0v-40c0-6.6-5.4-12-12-12h-40c-6.6 0-12 5.4-12 12v40c0 6.6 5.4 12 12 12h40c6.6 0 12-5.4 12-12zm96-260v352c0 26.5-21.5 48-48 48H48c-26.5 0-48-21.5-48-48V112c0-26.5 21.5-48 48-48h48V12c0-6.6 5.4-12 12-12h40c6.6 0 12 5.4 12 12v52h128V12c0-6.6 5.4-12 12-12h40c6.6 0 12 5.4 12 12v52h48c26.5 0 48 21.5 48 48zm-48 346V160H48v298c0 3.3 2.7 6 6 6h340c3.3 0 6-2.7 6-6z\"><\/path><\/svg>\t\t\t\t<\/span>\n\t\t\t<\/div>\n\t\t\t\n\t\t\t\t\t\t<div class=\"elementor-icon-box-content\">\n\n\t\t\t\t\n\t\t\t\t\t\t\t\t\t<p class=\"elementor-icon-box-description\">\n\t\t\t\t\t\tPlanificaci\u00f3 i assessorament estrat\u00e8gic en l\u00ednia en funci\u00f3 d'objectius\t\t\t\t\t<\/p>\n\t\t\t\t\n\t\t\t<\/div>\n\t\t\t\n\t\t<\/div>\n\t\t\t\t\t\t<\/div>\n\t\t\t\t<\/div>\n\t\t\t\t<div class=\"elementor-element elementor-element-583316e elementor-widget__width-auto elementor-view-default elementor-position-block-start elementor-mobile-position-block-start elementor-widget elementor-widget-icon-box\" data-id=\"583316e\" data-element_type=\"widget\" data-e-type=\"widget\" data-widget_type=\"icon-box.default\">\n\t\t\t\t<div class=\"elementor-widget-container\">\n\t\t\t\t\t\t\t<div class=\"elementor-icon-box-wrapper\">\n\n\t\t\t\t\t\t<div class=\"elementor-icon-box-icon\">\n\t\t\t\t<span  class=\"elementor-icon\">\n\t\t\t\t<svg aria-hidden=\"true\" class=\"e-font-icon-svg e-fas-toolbox\" viewBox=\"0 0 512 512\" xmlns=\"http:\/\/www.w3.org\/2000\/svg\"><path d=\"M502.63 214.63l-45.25-45.25c-6-6-14.14-9.37-22.63-9.37H384V80c0-26.51-21.49-48-48-48H176c-26.51 0-48 21.49-48 48v80H77.25c-8.49 0-16.62 3.37-22.63 9.37L9.37 214.63c-6 6-9.37 14.14-9.37 22.63V320h128v-16c0-8.84 7.16-16 16-16h32c8.84 0 16 7.16 16 16v16h128v-16c0-8.84 7.16-16 16-16h32c8.84 0 16 7.16 16 16v16h128v-82.75c0-8.48-3.37-16.62-9.37-22.62zM320 160H192V96h128v64zm64 208c0 8.84-7.16 16-16 16h-32c-8.84 0-16-7.16-16-16v-16H192v16c0 8.84-7.16 16-16 16h-32c-8.84 0-16-7.16-16-16v-16H0v96c0 17.67 14.33 32 32 32h448c17.67 0 32-14.33 32-32v-96H384v16z\"><\/path><\/svg>\t\t\t\t<\/span>\n\t\t\t<\/div>\n\t\t\t\n\t\t\t\t\t\t<div class=\"elementor-icon-box-content\">\n\n\t\t\t\t\n\t\t\t\t\t\t\t\t\t<p class=\"elementor-icon-box-description\">\n\t\t\t\t\t\tAuditoria Fiscal i serveis de <br> consultoria tribut\u00e0ria\t\t\t\t\t<\/p>\n\t\t\t\t\n\t\t\t<\/div>\n\t\t\t\n\t\t<\/div>\n\t\t\t\t\t\t<\/div>\n\t\t\t\t<\/div>\n\t\t\t\t<div class=\"elementor-element elementor-element-02389e1 elementor-widget elementor-widget-text-editor\" data-id=\"02389e1\" data-element_type=\"widget\" data-e-type=\"widget\" data-widget_type=\"text-editor.default\">\n\t\t\t\t<div class=\"elementor-widget-container\">\n\t\t\t\t\t\t\t\t\t<p>Oferim un ampli ventall de serveis, tant a empreses, particulars com a professionals aut\u00f2noms,<strong> per oferir-li una soluci\u00f3 experta i especialitzada en qualsevol \u00e0mbit.<\/strong> Comptem amb un equip de professionals apassionats per la seva feina, amb m\u00e9s de 25 anys d&#8217;experi\u00e8ncia, i posant al seu abast la m\u00e0xima tecnologia perqu\u00e8 disposi d&#8217;informaci\u00f3 en temps real de la seva situaci\u00f3 per a la presa de decisions.<\/p>\n\t\t\t\t\t\t\t\t<\/div>\n\t\t\t\t<\/div>\n\t\t\t\t<div class=\"elementor-element elementor-element-47a4812 elementor-widget elementor-widget-heading\" data-id=\"47a4812\" data-element_type=\"widget\" data-e-type=\"widget\" data-widget_type=\"heading.default\">\n\t\t\t\t<div class=\"elementor-widget-container\">\n\t\t\t\t\t<h3 class=\"elementor-heading-title elementor-size-default\">ASSESSORIA FISCAL EMPRESA<\/h3>\t\t\t\t<\/div>\n\t\t\t\t<\/div>\n\t\t\t\t<div class=\"elementor-element elementor-element-d320758 elementor-widget elementor-widget-text-editor\" data-id=\"d320758\" data-element_type=\"widget\" data-e-type=\"widget\" data-widget_type=\"text-editor.default\">\n\t\t\t\t<div class=\"elementor-widget-container\">\n\t\t\t\t\t\t\t\t\t<p>Una planificaci\u00f3 fiscal adequada a cada empresa permet atendre les obligacions fiscals pagant un m\u00ednim d&#8217;impostos. Aquest \u00e9s l&#8217;objectiu del nostre rigor\u00f3s assessorament, que combinat amb la planificaci\u00f3 comptable, ens converteix en uns dels serveis de m\u00e9s qualitat:<\/p>\n<ul>\n<li>Elaboraci\u00f3 d&#8217;informes econ\u00f2mics per avaluar l&#8217;estat de l&#8217;empresa.<\/li>\n<li>Estudis i projectes de finan\u00e7ament i inversi\u00f3.<\/li>\n<li>An\u00e0lisi de el desenvolupament organitzatiu i de l&#8217;estrat\u00e8gia empresarial.<\/li>\n<li>Gesti\u00f3 dels tr\u00e0mits davant l&#8217;Ag\u00e8ncia Tribut\u00e0ria i el Registre Mercantil.<\/li>\n<li>Assessorament i confecci\u00f3 de les obligacions tribut\u00e0ries: Impost sobre<\/li>\n<li>Societats, IRPF, IVA, auditories internes, due diligence.<\/li>\n<li>Suport en la confecci\u00f3 de el tancament anual.<\/li>\n<li>Estudis sobre els avantatges legals en l&#8217;aplicaci\u00f3 de desgravacions, bonificacions i amortitzacions.<\/li>\n<\/ul>\n\t\t\t\t\t\t\t\t<\/div>\n\t\t\t\t<\/div>\n\t\t\t\t<div class=\"elementor-element elementor-element-8275056 elementor-widget elementor-widget-heading\" data-id=\"8275056\" data-element_type=\"widget\" data-e-type=\"widget\" data-widget_type=\"heading.default\">\n\t\t\t\t<div class=\"elementor-widget-container\">\n\t\t\t\t\t<h3 class=\"elementor-heading-title elementor-size-default\">ASSESSORIA FISCAL PARTICULARS<\/h3>\t\t\t\t<\/div>\n\t\t\t\t<\/div>\n\t\t\t\t<div class=\"elementor-element elementor-element-d5408f1 elementor-widget elementor-widget-text-editor\" data-id=\"d5408f1\" data-element_type=\"widget\" data-e-type=\"widget\" data-widget_type=\"text-editor.default\">\n\t\t\t\t<div class=\"elementor-widget-container\">\n\t\t\t\t\t\t\t\t\t<p>Per a les persones f\u00edsica que volen tenir clar i ordenat el seu dia a dia, els nostres especialistes li oferiran un tracte proper i li resoldran tots els dubtes que pugui tenir en mat\u00e8ria de pagament d&#8217;impostos i declaracions de la renda.<\/p>\n<ul>\n<li>Assessorament sobre conceptes fiscals b\u00e0sics.<\/li>\n<li>Revisi\u00f3 de n\u00f2mines, retencions fiscals i liquidacions.<\/li>\n<li>Tramitaci\u00f3 de la Declaraci\u00f3 de la Renda.<\/li>\n<li>Suport en mat\u00e8ria fiscal en l&#8217;adquisici\u00f3 de b\u00e9ns immobles, b\u00e9ns patrimonials, estat civil, situaci\u00f3 familiar, etc ..<\/li>\n<li>Assessorament i gesti\u00f3 de les obligacions tribut\u00e0ries: IRPF, Impost de<\/li>\n<li>Patrimoni, Impost de Successions i Donacions, IBI, Impost de matriculaci\u00f3,<\/li>\n<li>Declaraci\u00f3 de b\u00e9ns a l&#8217;estranger, etc ..<\/li>\n<li>Estudi de mesures d&#8217;estalvi familiar i gesti\u00f3 de patrimonis.<\/li>\n<\/ul>\n\t\t\t\t\t\t\t\t<\/div>\n\t\t\t\t<\/div>\n\t\t\t\t<div class=\"elementor-element elementor-element-fe82e59 elementor-widget elementor-widget-heading\" data-id=\"fe82e59\" data-element_type=\"widget\" data-e-type=\"widget\" data-widget_type=\"heading.default\">\n\t\t\t\t<div class=\"elementor-widget-container\">\n\t\t\t\t\t<h3 class=\"elementor-heading-title elementor-size-default\">ASSESSORIA FISCAL AUT\u00d3NOMS<\/h3>\t\t\t\t<\/div>\n\t\t\t\t<\/div>\n\t\t\t\t<div class=\"elementor-element elementor-element-93e3695 elementor-widget elementor-widget-text-editor\" data-id=\"93e3695\" data-element_type=\"widget\" data-e-type=\"widget\" data-widget_type=\"text-editor.default\">\n\t\t\t\t<div class=\"elementor-widget-container\">\n\t\t\t\t\t\t\t\t\t<p>Els professionals i les persones emprenedores necessiten m\u00e9s suport que mai perqu\u00e8 els seus negocis tinguin \u00e8xit.<br \/>\nEn BBS Advocats, hi trobareu el soci necessari per planificar i gestionar perfectament la seva comptabilitat.<\/p>\n<ul>\n<li>Informaci\u00f3 i suport a la creaci\u00f3 d&#8217;una empresa o activitat professional.<\/li>\n<li>Suport en la confecci\u00f3 de plans econ\u00f2mics i de viabilitat.<\/li>\n<li>An\u00e0lisi de l&#8217;activitat professional: alternatives possibles<\/li>\n<li>Recerca de finan\u00e7ament per a emprenedors.<\/li>\n<li>Confecci\u00f3 de balan\u00e7os i comptes d&#8217;explotaci\u00f3<\/li>\n<li>Informaci\u00f3 actualitzada sobre canvis en mat\u00e8ria fiscal<\/li>\n<li>Confecci\u00f3 de llibres de factures<\/li>\n<li>Complementaci\u00f3 de les obligacions fiscals, trimestrals i anuals<\/li>\n<li>Planificaci\u00f3 fiscal integral<\/li>\n<\/ul>\n\t\t\t\t\t\t\t\t<\/div>\n\t\t\t\t<\/div>\n\t\t\t\t<div class=\"elementor-element elementor-element-5465e2a elementor-widget elementor-widget-heading\" data-id=\"5465e2a\" data-element_type=\"widget\" data-e-type=\"widget\" data-widget_type=\"heading.default\">\n\t\t\t\t<div class=\"elementor-widget-container\">\n\t\t\t\t\t<h3 class=\"elementor-heading-title elementor-size-default\">news<\/h3>\t\t\t\t<\/div>\n\t\t\t\t<\/div>\n\t\t\t\t<div class=\"elementor-element elementor-element-315673f elementor-grid-3 elementor-grid-tablet-2 elementor-grid-mobile-1 elementor-widget elementor-widget-portfolio\" data-id=\"315673f\" data-element_type=\"widget\" data-e-type=\"widget\" data-settings=\"{&quot;row_gap&quot;:{&quot;unit&quot;:&quot;px&quot;,&quot;size&quot;:0,&quot;sizes&quot;:[]},&quot;columns&quot;:&quot;3&quot;,&quot;columns_tablet&quot;:&quot;2&quot;,&quot;columns_mobile&quot;:&quot;1&quot;,&quot;item_ratio&quot;:{&quot;unit&quot;:&quot;px&quot;,&quot;size&quot;:0.66,&quot;sizes&quot;:[]},&quot;item_gap&quot;:{&quot;unit&quot;:&quot;px&quot;,&quot;size&quot;:&quot;&quot;,&quot;sizes&quot;:[]}}\" data-widget_type=\"portfolio.default\">\n\t\t\t\t<div class=\"elementor-widget-container\">\n\t\t\t\t\t\t\t<div class=\"elementor-portfolio elementor-grid elementor-posts-container\" role=\"list\">\n\t\t\t\t<article class=\"elementor-portfolio-item elementor-post  post-11975 post type-post status-publish format-standard has-post-thumbnail hentry category-assesorament-hipoteques category-hipoteca-inversa-ca category-hipoteca-tranquillitat-creixent category-hipoteques-multidivisa-ca category-irph-ca category-noticies-juridiques category-noticies-juridiques-novetats-legals-rellevants\" role=\"listitem\">\n\t\t\t<a class=\"elementor-post__thumbnail__link\" href=\"https:\/\/www.bbsabogados.com\/ca\/advocats-experts-en-irph-nullitat-devolucio-dinteressos-i-exit-judicial-garantit\/\">\n\t\t\t\t<div class=\"elementor-portfolio-item__img elementor-post__thumbnail\">\n\t\t\t<img decoding=\"async\" width=\"402\" height=\"253\" src=\"https:\/\/www.bbsabogados.com\/wp-content\/uploads\/2025\/10\/expertos-en-irph-1.webp\" class=\"attachment-large size-large wp-image-12102\" alt=\"Abogados expertos en IRPH\" srcset=\"https:\/\/www.bbsabogados.com\/wp-content\/uploads\/2025\/10\/expertos-en-irph-1.webp 402w, https:\/\/www.bbsabogados.com\/wp-content\/uploads\/2025\/10\/expertos-en-irph-1-300x189.webp 300w\" sizes=\"(max-width: 402px) 100vw, 402px\" \/>\t\t<\/div>\n\t\t\t\t<div class=\"elementor-portfolio-item__overlay\">\n\t\t\t\t<h3 class=\"elementor-portfolio-item__title\">\n\t\tAdvocats experts en IRPH: nul\u00b7litat, devoluci\u00f3 d&#8217;interessos i \u00e8xit judicial garantit\t\t<\/h3>\n\t\t\t\t<\/div>\n\t\t\t\t<\/a>\n\t\t<\/article>\n\t\t\t\t<article class=\"elementor-portfolio-item elementor-post  post-10103 post type-post status-publish format-standard has-post-thumbnail hentry category-cda-triodos-bank-certificat-de-diposits-per-a-accions category-noticies-juridiques category-noticies-juridiques-novetats-legals-rellevants tag-cda-ca tag-sentencies tag-tridosbank-ca tag-triodos-ca\" role=\"listitem\">\n\t\t\t<a class=\"elementor-post__thumbnail__link\" href=\"https:\/\/www.bbsabogados.com\/ca\/cdas-triodos-bank-sentencia-favorable-a-madrid\/\">\n\t\t\t\t<div class=\"elementor-portfolio-item__img elementor-post__thumbnail\">\n\t\t\t<img loading=\"lazy\" decoding=\"async\" width=\"638\" height=\"402\" src=\"https:\/\/www.bbsabogados.com\/wp-content\/uploads\/2024\/10\/CDAs-Triodos-Bank-Sentencia-favorable-en-Madrid.jpg\" class=\"attachment-large size-large wp-image-10090\" alt=\"\" srcset=\"https:\/\/www.bbsabogados.com\/wp-content\/uploads\/2024\/10\/CDAs-Triodos-Bank-Sentencia-favorable-en-Madrid.jpg 638w, https:\/\/www.bbsabogados.com\/wp-content\/uploads\/2024\/10\/CDAs-Triodos-Bank-Sentencia-favorable-en-Madrid-300x189.jpg 300w\" sizes=\"(max-width: 638px) 100vw, 638px\" \/>\t\t<\/div>\n\t\t\t\t<div class=\"elementor-portfolio-item__overlay\">\n\t\t\t\t<h3 class=\"elementor-portfolio-item__title\">\n\t\tCDAs Triodos Bank: Sent\u00e8ncia favorable a Madrid\t\t<\/h3>\n\t\t\t\t<\/div>\n\t\t\t\t<\/a>\n\t\t<\/article>\n\t\t\t\t<article class=\"elementor-portfolio-item elementor-post  post-9241 post type-post status-publish format-standard has-post-thumbnail hentry category-cda-triodos-bank-certificat-de-diposits-per-a-accions category-noticies-juridiques category-noticies-juridiques-novetats-legals-rellevants category-sentencies-destacades-bbs-advocats\" role=\"listitem\">\n\t\t\t<a class=\"elementor-post__thumbnail__link\" href=\"https:\/\/www.bbsabogados.com\/ca\/triodos-bank-condemnada-a-saragossa-per-venda-de-cdas-a-un-matrimono-per-la-suma-de-770-40634-e\/\">\n\t\t\t\t<div class=\"elementor-portfolio-item__img elementor-post__thumbnail\">\n\t\t\t<img loading=\"lazy\" decoding=\"async\" width=\"638\" height=\"402\" src=\"https:\/\/www.bbsabogados.com\/wp-content\/uploads\/2023\/12\/triodos_sentencia_zaragoza_2023_web.jpg\" class=\"attachment-large size-large wp-image-9149\" alt=\"Triodos Bank Condenada en Zaragoza.\" srcset=\"https:\/\/www.bbsabogados.com\/wp-content\/uploads\/2023\/12\/triodos_sentencia_zaragoza_2023_web.jpg 638w, https:\/\/www.bbsabogados.com\/wp-content\/uploads\/2023\/12\/triodos_sentencia_zaragoza_2023_web-300x189.jpg 300w\" sizes=\"(max-width: 638px) 100vw, 638px\" \/>\t\t<\/div>\n\t\t\t\t<div class=\"elementor-portfolio-item__overlay\">\n\t\t\t\t<h3 class=\"elementor-portfolio-item__title\">\n\t\tTriodos Bank Condemnada a Saragossa per Venda de CDAs a un Matrimono per la Suma de 770.406,34.-\u20ac\t\t<\/h3>\n\t\t\t\t<\/div>\n\t\t\t\t<\/a>\n\t\t<\/article>\n\t\t\t\t<\/div>\n\t\t\t\t\t\t<\/div>\n\t\t\t\t<\/div>\n\t\t\t\t\t<\/div>\n\t\t<\/div>\n\t\t\t\t\t<\/div>\n\t\t<\/section>\n\t\t\t\t\t<\/div>\n\t\t<\/div>\n\t\t\t\t\t<\/div>\n\t\t<\/section>\n\t\t\t\t<\/div>\n\t\t","protected":false},"excerpt":{"rendered":"<p>&#8220;BBS Advocats Experts en Dret Fiscal i Comptable&#8221;. Dret Fiscal i Comptable &#8220;TREBALLEM PERQU\u00c8 ELS NOSTRES CLIENTS ACONSEGUEIXIN UN BON ESTALVI AMB UNA BONA PLANIFICACI\u00d3&#8221; Una bona planificaci\u00f3 fiscal \u00e9s b\u00e0sica per al desenvolupament de qualsevol projecte personal i professional. Per aix\u00f2 a BBS Advocats oferim un dels serveis en assessorament de m\u00e9s qualitat que [&hellip;]<\/p>\n","protected":false},"author":2,"featured_media":2329,"parent":0,"menu_order":0,"comment_status":"closed","ping_status":"closed","template":"","meta":{"_acf_changed":false,"_monsterinsights_skip_tracking":false,"_monsterinsights_sitenote_active":false,"_monsterinsights_sitenote_note":"","_monsterinsights_sitenote_category":0,"footnotes":""},"class_list":["post-3938","page","type-page","status-publish","has-post-thumbnail","hentry"],"acf":[],"yoast_head":"<!-- This site is optimized with the Yoast SEO plugin v27.2 - https:\/\/yoast.com\/product\/yoast-seo-wordpress\/ -->\n<title>Dret Fiscal i Comptable - Despacho BBS Abogados<\/title>\n<meta name=\"description\" content=\"Dret Fiscal i Contable.Una bona planificaci\u00f3 fiscal comptable \u00e9s b\u00e0sica per al desenvolupament de qualsevol projecte personal i professional. Per aix\u00f2 BBS Advocats\" \/>\n<meta name=\"robots\" content=\"index, follow, max-snippet:-1, max-image-preview:large, max-video-preview:-1\" \/>\n<link rel=\"canonical\" href=\"https:\/\/www.bbsabogados.com\/ca\/dret-fiscal-i-comptable\/\" \/>\n<meta property=\"og:locale\" content=\"ca_ES\" \/>\n<meta property=\"og:type\" content=\"article\" \/>\n<meta property=\"og:title\" content=\"Dret Fiscal i Comptable - Despacho BBS Abogados\" \/>\n<meta property=\"og:description\" content=\"Dret Fiscal i Contable.Una bona planificaci\u00f3 fiscal comptable \u00e9s b\u00e0sica per al desenvolupament de qualsevol projecte personal i professional. Per aix\u00f2 BBS Advocats\" \/>\n<meta property=\"og:url\" content=\"https:\/\/www.bbsabogados.com\/ca\/dret-fiscal-i-comptable\/\" \/>\n<meta property=\"og:site_name\" content=\"Despacho BBS Abogados\" \/>\n<meta property=\"article:publisher\" content=\"https:\/\/www.linkedin.com\/in\/arcadi-sala-planell-bbs-abogados-29a37516\/\" \/>\n<meta property=\"article:modified_time\" content=\"2021-03-17T07:32:24+00:00\" \/>\n<meta property=\"og:image\" content=\"https:\/\/www.bbsabogados.com\/wp-content\/uploads\/2020\/06\/general_blogs3.jpg\" \/>\n\t<meta property=\"og:image:width\" content=\"450\" \/>\n\t<meta property=\"og:image:height\" content=\"300\" \/>\n\t<meta property=\"og:image:type\" content=\"image\/jpeg\" \/>\n<meta name=\"twitter:card\" content=\"summary_large_image\" \/>\n<meta name=\"twitter:site\" content=\"@bbsabogados\" \/>\n<meta name=\"twitter:label1\" content=\"Temps estimat de lectura\" \/>\n\t<meta name=\"twitter:data1\" content=\"3 minuts\" \/>\n<script type=\"application\/ld+json\" class=\"yoast-schema-graph\">{\"@context\":\"https:\/\/schema.org\",\"@graph\":[{\"@type\":\"WebPage\",\"@id\":\"https:\/\/www.bbsabogados.com\/ca\/dret-fiscal-i-comptable\/\",\"url\":\"https:\/\/www.bbsabogados.com\/ca\/dret-fiscal-i-comptable\/\",\"name\":\"Dret Fiscal i Comptable - Despacho BBS Abogados\",\"isPartOf\":{\"@id\":\"https:\/\/www.bbsabogados.com\/ca\/#website\"},\"primaryImageOfPage\":{\"@id\":\"https:\/\/www.bbsabogados.com\/ca\/dret-fiscal-i-comptable\/#primaryimage\"},\"image\":{\"@id\":\"https:\/\/www.bbsabogados.com\/ca\/dret-fiscal-i-comptable\/#primaryimage\"},\"thumbnailUrl\":\"https:\/\/www.bbsabogados.com\/wp-content\/uploads\/2020\/06\/general_blogs3.jpg\",\"datePublished\":\"2021-01-07T09:30:53+00:00\",\"dateModified\":\"2021-03-17T07:32:24+00:00\",\"description\":\"Dret Fiscal i Contable.Una bona planificaci\u00f3 fiscal comptable \u00e9s b\u00e0sica per al desenvolupament de qualsevol projecte personal i professional. Per aix\u00f2 BBS Advocats\",\"breadcrumb\":{\"@id\":\"https:\/\/www.bbsabogados.com\/ca\/dret-fiscal-i-comptable\/#breadcrumb\"},\"inLanguage\":\"ca\",\"potentialAction\":[{\"@type\":\"ReadAction\",\"target\":[\"https:\/\/www.bbsabogados.com\/ca\/dret-fiscal-i-comptable\/\"]}]},{\"@type\":\"ImageObject\",\"inLanguage\":\"ca\",\"@id\":\"https:\/\/www.bbsabogados.com\/ca\/dret-fiscal-i-comptable\/#primaryimage\",\"url\":\"https:\/\/www.bbsabogados.com\/wp-content\/uploads\/2020\/06\/general_blogs3.jpg\",\"contentUrl\":\"https:\/\/www.bbsabogados.com\/wp-content\/uploads\/2020\/06\/general_blogs3.jpg\",\"width\":450,\"height\":300,\"caption\":\"bbs abogados\"},{\"@type\":\"BreadcrumbList\",\"@id\":\"https:\/\/www.bbsabogados.com\/ca\/dret-fiscal-i-comptable\/#breadcrumb\",\"itemListElement\":[{\"@type\":\"ListItem\",\"position\":1,\"name\":\"Inicio\",\"item\":\"https:\/\/www.bbsabogados.com\/ca\/\"},{\"@type\":\"ListItem\",\"position\":2,\"name\":\"Dret Fiscal i Comptable\"}]},{\"@type\":\"WebSite\",\"@id\":\"https:\/\/www.bbsabogados.com\/ca\/#website\",\"url\":\"https:\/\/www.bbsabogados.com\/ca\/\",\"name\":\"BBS Abogados\",\"description\":\"Expertos en Derecho Bancario y Financiero\",\"publisher\":{\"@id\":\"https:\/\/www.bbsabogados.com\/ca\/#organization\"},\"potentialAction\":[{\"@type\":\"SearchAction\",\"target\":{\"@type\":\"EntryPoint\",\"urlTemplate\":\"https:\/\/www.bbsabogados.com\/ca\/?s={search_term_string}\"},\"query-input\":{\"@type\":\"PropertyValueSpecification\",\"valueRequired\":true,\"valueName\":\"search_term_string\"}}],\"inLanguage\":\"ca\"},{\"@type\":\"Organization\",\"@id\":\"https:\/\/www.bbsabogados.com\/ca\/#organization\",\"name\":\"BBS Abogados\",\"url\":\"https:\/\/www.bbsabogados.com\/ca\/\",\"logo\":{\"@type\":\"ImageObject\",\"inLanguage\":\"ca\",\"@id\":\"https:\/\/www.bbsabogados.com\/ca\/#\/schema\/logo\/image\/\",\"url\":\"https:\/\/www.bbsabogados.com\/wp-content\/uploads\/2020\/02\/LOGO_Abogados_BBS.png\",\"contentUrl\":\"https:\/\/www.bbsabogados.com\/wp-content\/uploads\/2020\/02\/LOGO_Abogados_BBS.png\",\"width\":130,\"height\":83,\"caption\":\"BBS Abogados\"},\"image\":{\"@id\":\"https:\/\/www.bbsabogados.com\/ca\/#\/schema\/logo\/image\/\"},\"sameAs\":[\"https:\/\/www.linkedin.com\/in\/arcadi-sala-planell-bbs-abogados-29a37516\/\",\"https:\/\/x.com\/bbsabogados\",\"https:\/\/www.facebook.com\/pages\/BBS-Abogados-y-Asesores-Financieros\/161040880606162\",\"https:\/\/www.instagram.com\/bbsabogados\/\"]}]}<\/script>\n<!-- \/ Yoast SEO plugin. -->","yoast_head_json":{"title":"Dret Fiscal i Comptable - Despacho BBS Abogados","description":"Dret Fiscal i Contable.Una bona planificaci\u00f3 fiscal comptable \u00e9s b\u00e0sica per al desenvolupament de qualsevol projecte personal i professional. Per aix\u00f2 BBS Advocats","robots":{"index":"index","follow":"follow","max-snippet":"max-snippet:-1","max-image-preview":"max-image-preview:large","max-video-preview":"max-video-preview:-1"},"canonical":"https:\/\/www.bbsabogados.com\/ca\/dret-fiscal-i-comptable\/","og_locale":"ca_ES","og_type":"article","og_title":"Dret Fiscal i Comptable - Despacho BBS Abogados","og_description":"Dret Fiscal i Contable.Una bona planificaci\u00f3 fiscal comptable \u00e9s b\u00e0sica per al desenvolupament de qualsevol projecte personal i professional. Per aix\u00f2 BBS Advocats","og_url":"https:\/\/www.bbsabogados.com\/ca\/dret-fiscal-i-comptable\/","og_site_name":"Despacho BBS Abogados","article_publisher":"https:\/\/www.linkedin.com\/in\/arcadi-sala-planell-bbs-abogados-29a37516\/","article_modified_time":"2021-03-17T07:32:24+00:00","og_image":[{"width":450,"height":300,"url":"https:\/\/www.bbsabogados.com\/wp-content\/uploads\/2020\/06\/general_blogs3.jpg","type":"image\/jpeg"}],"twitter_card":"summary_large_image","twitter_site":"@bbsabogados","twitter_misc":{"Temps estimat de lectura":"3 minuts"},"schema":{"@context":"https:\/\/schema.org","@graph":[{"@type":"WebPage","@id":"https:\/\/www.bbsabogados.com\/ca\/dret-fiscal-i-comptable\/","url":"https:\/\/www.bbsabogados.com\/ca\/dret-fiscal-i-comptable\/","name":"Dret Fiscal i Comptable - Despacho BBS Abogados","isPartOf":{"@id":"https:\/\/www.bbsabogados.com\/ca\/#website"},"primaryImageOfPage":{"@id":"https:\/\/www.bbsabogados.com\/ca\/dret-fiscal-i-comptable\/#primaryimage"},"image":{"@id":"https:\/\/www.bbsabogados.com\/ca\/dret-fiscal-i-comptable\/#primaryimage"},"thumbnailUrl":"https:\/\/www.bbsabogados.com\/wp-content\/uploads\/2020\/06\/general_blogs3.jpg","datePublished":"2021-01-07T09:30:53+00:00","dateModified":"2021-03-17T07:32:24+00:00","description":"Dret Fiscal i Contable.Una bona planificaci\u00f3 fiscal comptable \u00e9s b\u00e0sica per al desenvolupament de qualsevol projecte personal i professional. Per aix\u00f2 BBS Advocats","breadcrumb":{"@id":"https:\/\/www.bbsabogados.com\/ca\/dret-fiscal-i-comptable\/#breadcrumb"},"inLanguage":"ca","potentialAction":[{"@type":"ReadAction","target":["https:\/\/www.bbsabogados.com\/ca\/dret-fiscal-i-comptable\/"]}]},{"@type":"ImageObject","inLanguage":"ca","@id":"https:\/\/www.bbsabogados.com\/ca\/dret-fiscal-i-comptable\/#primaryimage","url":"https:\/\/www.bbsabogados.com\/wp-content\/uploads\/2020\/06\/general_blogs3.jpg","contentUrl":"https:\/\/www.bbsabogados.com\/wp-content\/uploads\/2020\/06\/general_blogs3.jpg","width":450,"height":300,"caption":"bbs abogados"},{"@type":"BreadcrumbList","@id":"https:\/\/www.bbsabogados.com\/ca\/dret-fiscal-i-comptable\/#breadcrumb","itemListElement":[{"@type":"ListItem","position":1,"name":"Inicio","item":"https:\/\/www.bbsabogados.com\/ca\/"},{"@type":"ListItem","position":2,"name":"Dret Fiscal i Comptable"}]},{"@type":"WebSite","@id":"https:\/\/www.bbsabogados.com\/ca\/#website","url":"https:\/\/www.bbsabogados.com\/ca\/","name":"BBS Abogados","description":"Expertos en Derecho Bancario y Financiero","publisher":{"@id":"https:\/\/www.bbsabogados.com\/ca\/#organization"},"potentialAction":[{"@type":"SearchAction","target":{"@type":"EntryPoint","urlTemplate":"https:\/\/www.bbsabogados.com\/ca\/?s={search_term_string}"},"query-input":{"@type":"PropertyValueSpecification","valueRequired":true,"valueName":"search_term_string"}}],"inLanguage":"ca"},{"@type":"Organization","@id":"https:\/\/www.bbsabogados.com\/ca\/#organization","name":"BBS Abogados","url":"https:\/\/www.bbsabogados.com\/ca\/","logo":{"@type":"ImageObject","inLanguage":"ca","@id":"https:\/\/www.bbsabogados.com\/ca\/#\/schema\/logo\/image\/","url":"https:\/\/www.bbsabogados.com\/wp-content\/uploads\/2020\/02\/LOGO_Abogados_BBS.png","contentUrl":"https:\/\/www.bbsabogados.com\/wp-content\/uploads\/2020\/02\/LOGO_Abogados_BBS.png","width":130,"height":83,"caption":"BBS Abogados"},"image":{"@id":"https:\/\/www.bbsabogados.com\/ca\/#\/schema\/logo\/image\/"},"sameAs":["https:\/\/www.linkedin.com\/in\/arcadi-sala-planell-bbs-abogados-29a37516\/","https:\/\/x.com\/bbsabogados","https:\/\/www.facebook.com\/pages\/BBS-Abogados-y-Asesores-Financieros\/161040880606162","https:\/\/www.instagram.com\/bbsabogados\/"]}]}},"_links":{"self":[{"href":"https:\/\/www.bbsabogados.com\/ca\/wp-json\/wp\/v2\/pages\/3938","targetHints":{"allow":["GET"]}}],"collection":[{"href":"https:\/\/www.bbsabogados.com\/ca\/wp-json\/wp\/v2\/pages"}],"about":[{"href":"https:\/\/www.bbsabogados.com\/ca\/wp-json\/wp\/v2\/types\/page"}],"author":[{"embeddable":true,"href":"https:\/\/www.bbsabogados.com\/ca\/wp-json\/wp\/v2\/users\/2"}],"replies":[{"embeddable":true,"href":"https:\/\/www.bbsabogados.com\/ca\/wp-json\/wp\/v2\/comments?post=3938"}],"version-history":[{"count":0,"href":"https:\/\/www.bbsabogados.com\/ca\/wp-json\/wp\/v2\/pages\/3938\/revisions"}],"wp:featuredmedia":[{"embeddable":true,"href":"https:\/\/www.bbsabogados.com\/ca\/wp-json\/wp\/v2\/media\/2329"}],"wp:attachment":[{"href":"https:\/\/www.bbsabogados.com\/ca\/wp-json\/wp\/v2\/media?parent=3938"}],"curies":[{"name":"wp","href":"https:\/\/api.w.org\/{rel}","templated":true}]}}