{"id":3941,"date":"2021-01-07T10:34:38","date_gmt":"2021-01-07T09:34:38","guid":{"rendered":"https:\/\/www.bbsabogados.com\/dret-laboral-i-seguretat-social\/"},"modified":"2025-11-30T14:04:19","modified_gmt":"2025-11-30T13:04:19","slug":"dret-laboral-i-seguretat-social","status":"publish","type":"page","link":"https:\/\/www.bbsabogados.com\/ca\/dret-laboral-i-seguretat-social\/","title":{"rendered":"Dret Laboral i Seguretat Social"},"content":{"rendered":"\t\t<div data-elementor-type=\"wp-page\" data-elementor-id=\"3941\" class=\"elementor elementor-3941 elementor-570\" data-elementor-post-type=\"page\">\n\t\t\t\t\t\t<section class=\"elementor-section elementor-top-section elementor-element elementor-element-7bc9edc2 elementor-section-boxed elementor-section-height-default elementor-section-height-default\" data-id=\"7bc9edc2\" data-element_type=\"section\" data-e-type=\"section\">\n\t\t\t\t\t\t<div class=\"elementor-container elementor-column-gap-no\">\n\t\t\t\t\t<div class=\"elementor-column elementor-col-100 elementor-top-column elementor-element elementor-element-25ceed6c\" data-id=\"25ceed6c\" data-element_type=\"column\" data-e-type=\"column\" data-settings=\"{&quot;background_background&quot;:&quot;classic&quot;}\">\n\t\t\t<div class=\"elementor-widget-wrap elementor-element-populated\">\n\t\t\t\t\t\t<section class=\"elementor-section elementor-inner-section elementor-element elementor-element-44c5ea11 elementor-section-boxed elementor-section-height-default elementor-section-height-default\" data-id=\"44c5ea11\" data-element_type=\"section\" data-e-type=\"section\">\n\t\t\t\t\t\t<div class=\"elementor-container elementor-column-gap-default\">\n\t\t\t\t\t<div class=\"elementor-column elementor-col-100 elementor-inner-column elementor-element elementor-element-5c2ef794\" data-id=\"5c2ef794\" data-element_type=\"column\" data-e-type=\"column\">\n\t\t\t<div class=\"elementor-widget-wrap elementor-element-populated\">\n\t\t\t\t\t\t<div class=\"elementor-element elementor-element-70956a10 elementor-widget elementor-widget-image\" data-id=\"70956a10\" data-element_type=\"widget\" data-e-type=\"widget\" data-widget_type=\"image.default\">\n\t\t\t\t<div class=\"elementor-widget-container\">\n\t\t\t\t\t\t\t\t\t\t\t\t\t\t\t<img fetchpriority=\"high\" decoding=\"async\" width=\"917\" height=\"297\" src=\"https:\/\/www.bbsabogados.com\/wp-content\/uploads\/2020\/04\/bbs-abogados-especialistas.jpg\" class=\"attachment-full size-full wp-image-296\" alt=\"bbs-abogados-especialistas\" srcset=\"https:\/\/www.bbsabogados.com\/wp-content\/uploads\/2020\/04\/bbs-abogados-especialistas.jpg 917w, https:\/\/www.bbsabogados.com\/wp-content\/uploads\/2020\/04\/bbs-abogados-especialistas-300x97.jpg 300w, https:\/\/www.bbsabogados.com\/wp-content\/uploads\/2020\/04\/bbs-abogados-especialistas-768x249.jpg 768w\" sizes=\"(max-width: 917px) 100vw, 917px\" \/>\t\t\t\t\t\t\t\t\t\t\t\t\t\t\t<\/div>\n\t\t\t\t<\/div>\n\t\t\t\t<div class=\"elementor-element elementor-element-1a62ed76 elementor-widget elementor-widget-breadcrumbs\" data-id=\"1a62ed76\" data-element_type=\"widget\" data-e-type=\"widget\" data-widget_type=\"breadcrumbs.default\">\n\t\t\t\t<div class=\"elementor-widget-container\">\n\t\t\t\t\t<p id=\"breadcrumbs\"><span><span><a href=\"https:\/\/www.bbsabogados.com\/ca\/\"><i class=\"fa fa-home\"><\/i><\/a><\/span><\/span><\/p>\t\t\t\t<\/div>\n\t\t\t\t<\/div>\n\t\t\t\t\t<\/div>\n\t\t<\/div>\n\t\t\t\t\t<\/div>\n\t\t<\/section>\n\t\t\t\t<section class=\"elementor-section elementor-inner-section elementor-element elementor-element-39680d01 elementor-reverse-mobile elementor-section-boxed elementor-section-height-default elementor-section-height-default\" data-id=\"39680d01\" data-element_type=\"section\" data-e-type=\"section\">\n\t\t\t\t\t\t<div class=\"elementor-container elementor-column-gap-extended\">\n\t\t\t\t\t<div class=\"elementor-column elementor-col-50 elementor-inner-column elementor-element elementor-element-1197fa67\" data-id=\"1197fa67\" data-element_type=\"column\" data-e-type=\"column\">\n\t\t\t<div class=\"elementor-widget-wrap elementor-element-populated\">\n\t\t\t\t\t\t<div class=\"elementor-element elementor-element-4a90b850 elementor-widget elementor-widget-heading\" data-id=\"4a90b850\" data-element_type=\"widget\" data-e-type=\"widget\" data-widget_type=\"heading.default\">\n\t\t\t\t<div class=\"elementor-widget-container\">\n\t\t\t\t\t<h4 class=\"elementor-heading-title elementor-size-default\">Creat el 1988 BBS Advocats Associats Assessors Legals i Tributaris est\u00e0 especialitzat en tots els camps que componen el dret de l'empresa<\/h4>\t\t\t\t<\/div>\n\t\t\t\t<\/div>\n\t\t\t\t<div class=\"elementor-element elementor-element-c5743b3 elementor-hidden-desktop elementor-hidden-tablet elementor-hidden-mobile elementor-widget elementor-widget-wp-widget-fetch_tweets_widget_by_id\" data-id=\"c5743b3\" data-element_type=\"widget\" data-e-type=\"widget\" data-widget_type=\"wp-widget-fetch_tweets_widget_by_id.default\">\n\t\t\t\t<div class=\"elementor-widget-container\">\n\t\t\t\t\t<strong>Fetch Tweets<\/strong>: Could not authenticate you. Code: 32\t\t\t\t<\/div>\n\t\t\t\t<\/div>\n\t\t\t\t\t<\/div>\n\t\t<\/div>\n\t\t\t\t<div class=\"elementor-column elementor-col-50 elementor-inner-column elementor-element elementor-element-4cc66ea2\" data-id=\"4cc66ea2\" data-element_type=\"column\" data-e-type=\"column\">\n\t\t\t<div class=\"elementor-widget-wrap elementor-element-populated\">\n\t\t\t\t\t\t<div class=\"elementor-element elementor-element-5887ccd8 elementor-widget elementor-widget-heading\" data-id=\"5887ccd8\" data-element_type=\"widget\" data-e-type=\"widget\" data-widget_type=\"heading.default\">\n\t\t\t\t<div class=\"elementor-widget-container\">\n\t\t\t\t\t<h1 class=\"elementor-heading-title elementor-size-default\">Dret Laboral i Seguretat Social<\/h1>\t\t\t\t<\/div>\n\t\t\t\t<\/div>\n\t\t\t\t<div class=\"elementor-element elementor-element-49e3cec elementor-widget elementor-widget-heading\" data-id=\"49e3cec\" data-element_type=\"widget\" data-e-type=\"widget\" data-widget_type=\"heading.default\">\n\t\t\t\t<div class=\"elementor-widget-container\">\n\t\t\t\t\t<h2 class=\"elementor-heading-title elementor-size-default\">\"M\u00c0XIMA SERIETAT I CONFIAN\u00c7A PER GESTIONAR LES SEVES RELACIONS LABORALS\"<\/h2>\t\t\t\t<\/div>\n\t\t\t\t<\/div>\n\t\t\t\t<div class=\"elementor-element elementor-element-c2d4d98 elementor-widget elementor-widget-text-editor\" data-id=\"c2d4d98\" data-element_type=\"widget\" data-e-type=\"widget\" data-widget_type=\"text-editor.default\">\n\t\t\t\t<div class=\"elementor-widget-container\">\n\t\t\t\t\t\t\t\t\t<p>Dret Laboral i Seguretat Social. Actualment la gesti\u00f3 i la planificaci\u00f3 de les relacions laborals, \u00e9s un dels aspectes que m\u00e9s preocupen a empreses, treballadors assalariats, aut\u00f2noms i professionals.<br \/>BBS Advocats posa a la seva dispoci\u00f3n nostre departament laboral, amb l&#8217;experi\u00e8ncia necess\u00e0ria i professionalitat perqu\u00e8 les relacions laborals no siguin mai m\u00e9s un problema en el seu dia a dia.<\/p>\n\t\t\t\t\t\t\t\t<\/div>\n\t\t\t\t<\/div>\n\t\t\t\t<div class=\"elementor-element elementor-element-267d331 elementor-widget__width-auto elementor-view-default elementor-position-block-start elementor-mobile-position-block-start elementor-widget elementor-widget-icon-box\" data-id=\"267d331\" data-element_type=\"widget\" data-e-type=\"widget\" data-widget_type=\"icon-box.default\">\n\t\t\t\t<div class=\"elementor-widget-container\">\n\t\t\t\t\t\t\t<div class=\"elementor-icon-box-wrapper\">\n\n\t\t\t\t\t\t<div class=\"elementor-icon-box-icon\">\n\t\t\t\t<span  class=\"elementor-icon\">\n\t\t\t\t<svg aria-hidden=\"true\" class=\"e-font-icon-svg e-far-user\" viewBox=\"0 0 448 512\" xmlns=\"http:\/\/www.w3.org\/2000\/svg\"><path d=\"M313.6 304c-28.7 0-42.5 16-89.6 16-47.1 0-60.8-16-89.6-16C60.2 304 0 364.2 0 438.4V464c0 26.5 21.5 48 48 48h352c26.5 0 48-21.5 48-48v-25.6c0-74.2-60.2-134.4-134.4-134.4zM400 464H48v-25.6c0-47.6 38.8-86.4 86.4-86.4 14.6 0 38.3 16 89.6 16 51.7 0 74.9-16 89.6-16 47.6 0 86.4 38.8 86.4 86.4V464zM224 288c79.5 0 144-64.5 144-144S303.5 0 224 0 80 64.5 80 144s64.5 144 144 144zm0-240c52.9 0 96 43.1 96 96s-43.1 96-96 96-96-43.1-96-96 43.1-96 96-96z\"><\/path><\/svg>\t\t\t\t<\/span>\n\t\t\t<\/div>\n\t\t\t\n\t\t\t\t\t\t<div class=\"elementor-icon-box-content\">\n\n\t\t\t\t\n\t\t\t\t\t\t\t\t\t<p class=\"elementor-icon-box-description\">\n\t\t\t\t\t\tAuditoria Laboral i Consultoria General de Recursos Humans\t\t\t\t\t<\/p>\n\t\t\t\t\n\t\t\t<\/div>\n\t\t\t\n\t\t<\/div>\n\t\t\t\t\t\t<\/div>\n\t\t\t\t<\/div>\n\t\t\t\t<div class=\"elementor-element elementor-element-f653650 elementor-widget__width-auto elementor-view-default elementor-position-block-start elementor-mobile-position-block-start elementor-widget elementor-widget-icon-box\" data-id=\"f653650\" data-element_type=\"widget\" data-e-type=\"widget\" data-widget_type=\"icon-box.default\">\n\t\t\t\t<div class=\"elementor-widget-container\">\n\t\t\t\t\t\t\t<div class=\"elementor-icon-box-wrapper\">\n\n\t\t\t\t\t\t<div class=\"elementor-icon-box-icon\">\n\t\t\t\t<span  class=\"elementor-icon\">\n\t\t\t\t<svg aria-hidden=\"true\" class=\"e-font-icon-svg e-far-newspaper\" viewBox=\"0 0 576 512\" xmlns=\"http:\/\/www.w3.org\/2000\/svg\"><path d=\"M552 64H112c-20.858 0-38.643 13.377-45.248 32H24c-13.255 0-24 10.745-24 24v272c0 30.928 25.072 56 56 56h496c13.255 0 24-10.745 24-24V88c0-13.255-10.745-24-24-24zM48 392V144h16v248c0 4.411-3.589 8-8 8s-8-3.589-8-8zm480 8H111.422c.374-2.614.578-5.283.578-8V112h416v288zM172 280h136c6.627 0 12-5.373 12-12v-96c0-6.627-5.373-12-12-12H172c-6.627 0-12 5.373-12 12v96c0 6.627 5.373 12 12 12zm28-80h80v40h-80v-40zm-40 140v-24c0-6.627 5.373-12 12-12h136c6.627 0 12 5.373 12 12v24c0 6.627-5.373 12-12 12H172c-6.627 0-12-5.373-12-12zm192 0v-24c0-6.627 5.373-12 12-12h104c6.627 0 12 5.373 12 12v24c0 6.627-5.373 12-12 12H364c-6.627 0-12-5.373-12-12zm0-144v-24c0-6.627 5.373-12 12-12h104c6.627 0 12 5.373 12 12v24c0 6.627-5.373 12-12 12H364c-6.627 0-12-5.373-12-12zm0 72v-24c0-6.627 5.373-12 12-12h104c6.627 0 12 5.373 12 12v24c0 6.627-5.373 12-12 12H364c-6.627 0-12-5.373-12-12z\"><\/path><\/svg>\t\t\t\t<\/span>\n\t\t\t<\/div>\n\t\t\t\n\t\t\t\t\t\t<div class=\"elementor-icon-box-content\">\n\n\t\t\t\t\n\t\t\t\t\t\t\t\t\t<p class=\"elementor-icon-box-description\">\n\t\t\t\t\t\tAuditoria Laboral i Consultoria General de Recursos Humans\t\t\t\t\t<\/p>\n\t\t\t\t\n\t\t\t<\/div>\n\t\t\t\n\t\t<\/div>\n\t\t\t\t\t\t<\/div>\n\t\t\t\t<\/div>\n\t\t\t\t<div class=\"elementor-element elementor-element-3e9dd84 elementor-widget__width-auto elementor-view-default elementor-position-block-start elementor-mobile-position-block-start elementor-widget elementor-widget-icon-box\" data-id=\"3e9dd84\" data-element_type=\"widget\" data-e-type=\"widget\" data-widget_type=\"icon-box.default\">\n\t\t\t\t<div class=\"elementor-widget-container\">\n\t\t\t\t\t\t\t<div class=\"elementor-icon-box-wrapper\">\n\n\t\t\t\t\t\t<div class=\"elementor-icon-box-icon\">\n\t\t\t\t<span  class=\"elementor-icon\">\n\t\t\t\t<svg aria-hidden=\"true\" class=\"e-font-icon-svg e-fas-donate\" viewBox=\"0 0 512 512\" xmlns=\"http:\/\/www.w3.org\/2000\/svg\"><path d=\"M256 416c114.9 0 208-93.1 208-208S370.9 0 256 0 48 93.1 48 208s93.1 208 208 208zM233.8 97.4V80.6c0-9.2 7.4-16.6 16.6-16.6h11.1c9.2 0 16.6 7.4 16.6 16.6v17c15.5.8 30.5 6.1 43 15.4 5.6 4.1 6.2 12.3 1.2 17.1L306 145.6c-3.8 3.7-9.5 3.8-14 1-5.4-3.4-11.4-5.1-17.8-5.1h-38.9c-9 0-16.3 8.2-16.3 18.3 0 8.2 5 15.5 12.1 17.6l62.3 18.7c25.7 7.7 43.7 32.4 43.7 60.1 0 34-26.4 61.5-59.1 62.4v16.8c0 9.2-7.4 16.6-16.6 16.6h-11.1c-9.2 0-16.6-7.4-16.6-16.6v-17c-15.5-.8-30.5-6.1-43-15.4-5.6-4.1-6.2-12.3-1.2-17.1l16.3-15.5c3.8-3.7 9.5-3.8 14-1 5.4 3.4 11.4 5.1 17.8 5.1h38.9c9 0 16.3-8.2 16.3-18.3 0-8.2-5-15.5-12.1-17.6l-62.3-18.7c-25.7-7.7-43.7-32.4-43.7-60.1.1-34 26.4-61.5 59.1-62.4zM480 352h-32.5c-19.6 26-44.6 47.7-73 64h63.8c5.3 0 9.6 3.6 9.6 8v16c0 4.4-4.3 8-9.6 8H73.6c-5.3 0-9.6-3.6-9.6-8v-16c0-4.4 4.3-8 9.6-8h63.8c-28.4-16.3-53.3-38-73-64H32c-17.7 0-32 14.3-32 32v96c0 17.7 14.3 32 32 32h448c17.7 0 32-14.3 32-32v-96c0-17.7-14.3-32-32-32z\"><\/path><\/svg>\t\t\t\t<\/span>\n\t\t\t<\/div>\n\t\t\t\n\t\t\t\t\t\t<div class=\"elementor-icon-box-content\">\n\n\t\t\t\t\n\t\t\t\t\t\t\t\t\t<p class=\"elementor-icon-box-description\">\n\t\t\t\t\t\tAuditoria Fiscal i serveis de <br>consultoria tribut\u00e0ria\t\t\t\t\t<\/p>\n\t\t\t\t\n\t\t\t<\/div>\n\t\t\t\n\t\t<\/div>\n\t\t\t\t\t\t<\/div>\n\t\t\t\t<\/div>\n\t\t\t\t<div class=\"elementor-element elementor-element-a378c7f elementor-widget elementor-widget-heading\" data-id=\"a378c7f\" data-element_type=\"widget\" data-e-type=\"widget\" data-widget_type=\"heading.default\">\n\t\t\t\t<div class=\"elementor-widget-container\">\n\t\t\t\t\t<h3 class=\"elementor-heading-title elementor-size-default\">\u201cM\u00c0XIMA SERIETAT I CONFIAN\u00c7A PER GESTIONAR LES SEVES RELACIONS LABORALS\u201d<\/h3>\t\t\t\t<\/div>\n\t\t\t\t<\/div>\n\t\t\t\t<div class=\"elementor-element elementor-element-4ea3dc9 elementor-widget elementor-widget-text-editor\" data-id=\"4ea3dc9\" data-element_type=\"widget\" data-e-type=\"widget\" data-widget_type=\"text-editor.default\">\n\t\t\t\t<div class=\"elementor-widget-container\">\n\t\t\t\t\t\t\t\t\t<p>Per millorar l&#8217;efici\u00e8ncia de la seva empresa, el nostre departament laboral treballar\u00e0 per assessorar i gestionar tot el relacionat amb les relacions laborals i amb la Seguretat Social. Serem el seu propi departament laboral.<\/p>\n<p>Assessorament sobre tipologies de contractes de treball, estudi i aplicaci\u00f3 de bonificacions fiscals.<br \/>Gesti\u00f3 d&#8217;altes i baixes de treballadors en la Seguretat Social.<br \/>Informaci\u00f3 completa sobre novetats o modificacions legals.<br \/>Estudi i confecci\u00f3 de fulls de salari, declaracions d&#8217;impostos i ajornament de quotes.<br \/>Assessorament i tramitaci\u00f3 d&#8217;expedients de regulaci\u00f3 d&#8217;ocupaci\u00f3.<br \/>Informaci\u00f3 i actualitzaci\u00f3 permanent sobre convenis col\u00b7lectius.<br \/>Estad\u00edstiques de costos salarials i c\u00e0lcul de liquidacions.<br \/>Representaci\u00f3 en organismes de conciliaci\u00f3 i arbitratge (CMAC)<br \/>Assist\u00e8ncia lletrada davant jutjats i tribunals de l&#8217;ordre social<\/p>\n\t\t\t\t\t\t\t\t<\/div>\n\t\t\t\t<\/div>\n\t\t\t\t<div class=\"elementor-element elementor-element-5d6f30f elementor-widget elementor-widget-heading\" data-id=\"5d6f30f\" data-element_type=\"widget\" data-e-type=\"widget\" data-widget_type=\"heading.default\">\n\t\t\t\t<div class=\"elementor-widget-container\">\n\t\t\t\t\t<h3 class=\"elementor-heading-title elementor-size-default\">ASSESSORIA LABORAL PARTICULARS<\/h3>\t\t\t\t<\/div>\n\t\t\t\t<\/div>\n\t\t\t\t<div class=\"elementor-element elementor-element-6a49c2a elementor-widget elementor-widget-text-editor\" data-id=\"6a49c2a\" data-element_type=\"widget\" data-e-type=\"widget\" data-widget_type=\"text-editor.default\">\n\t\t\t\t<div class=\"elementor-widget-container\">\n\t\t\t\t\t\t\t\t\t<p>Per a les persones f\u00edsiques que volen tenir clar i ordenat el seu dia a dia, els nostres especialistes, li oferiran un tracte proper i li resoldran tots els dubtes que pugui tenir en mat\u00e8ria de dereccho laboral i de seguretat social.<\/p>\n<p>Assessorament sobre conceptes de relacions laborals b\u00e0sics.<br \/>Revision de n\u00f2mines, retencions fiscals i liquidacions.<br \/>Assessorament i tramitacion de pensions i prestacions de la Seguretat Social (jubilaci\u00f3, invalidesa, orfandat, etc &#8230;)<br \/>Revision d&#8217;acomiadaments i incompliments salarials.<br \/>Fons de Garantia Salarial.<br \/>Assessorament sobre permisos i beneficis laborals (maternitat, exced\u00e8ncia, etc &#8230;)<\/p>\n\t\t\t\t\t\t\t\t<\/div>\n\t\t\t\t<\/div>\n\t\t\t\t<div class=\"elementor-element elementor-element-8dfa894 elementor-widget elementor-widget-heading\" data-id=\"8dfa894\" data-element_type=\"widget\" data-e-type=\"widget\" data-widget_type=\"heading.default\">\n\t\t\t\t<div class=\"elementor-widget-container\">\n\t\t\t\t\t<h3 class=\"elementor-heading-title elementor-size-default\">ASSESSORIA LABORAL AUT\u00d3NOMS<\/h3>\t\t\t\t<\/div>\n\t\t\t\t<\/div>\n\t\t\t\t<div class=\"elementor-element elementor-element-d64c3d0 elementor-widget elementor-widget-text-editor\" data-id=\"d64c3d0\" data-element_type=\"widget\" data-e-type=\"widget\" data-widget_type=\"text-editor.default\">\n\t\t\t\t<div class=\"elementor-widget-container\">\n\t\t\t\t\t\t\t\t\t<p>&nbsp;<\/p>\n<p>Per als emprenedors que estiguin pensant en iniciar el seu negoci, els oferim el suport i acompanyament necessari perqu\u00e8 ho aconsegueixin amb \u00e8xit. I per als professional<\/p>\n<p>Per als emprenedors que estiguin pensant en iniciar el seu negoci, els oferim el suport i acompanyament necessari perqu\u00e8 ho aconsegueixin amb \u00e8xit.<br \/>Per als professionals i petites empreses, que per la seva dimensi\u00f3 no disposin d&#8217;un departament de recursos humans, els nostres especialistes l&#8217;assessoraran de totes les q\u00fcestions que es puguin presentar en material laboral i de Seguretat Social.<\/p>\n<p>Informaci\u00f3 exhaustiva i acompanyament en els tr\u00e0mits a realitzar per a la constitucion d&#8217;una empresa.<br \/>Estudi de viabilitat i plans de negoci a mig i llarg termini.<br \/>Informaci\u00f3 actualitzada sobre la normativa legal sobre emprenedoria.<br \/>Tramitacion d&#8217;ajudes i subvencions a la contratacion.<br \/>Declaracions d&#8217;impostos i relacions amb l&#8217;Administracion<br \/>Auditoria laboral<br \/>Capitalitzaci\u00f3 de l&#8217;atur per inici de negoci<\/p>\n<p>s i petites empreses, que per la seva dimensi\u00f3 no disposin d&#8217;un departament de recursos humans, els nostres especialistes l&#8217;assessoraran de totes les q\u00fcestions que es puguin presentar en material laboral i de Seguretat Social.<\/p>\n<ul>\n<li>Informaci\u00f3 exhaustiva i acompanyament en els tr\u00e0mits a realitzar per a la constituci\u00f3 d&#8217;una empresa.<\/li>\n<li>Estudi de viabilitat i plans de negoci a mig i llarg termini.<\/li>\n<li>Informaci\u00f3 actualitzada sobre la normativa legal sobre emprenedoria.<\/li>\n<li>Tramitaci\u00f3 d&#8217;ajuts i subvencions a la contractaci\u00f3.<\/li>\n<li>Declaracions d&#8217;impostos i relacions amb l&#8217;Administraci\u00f3<br \/>\nauditoria laboral<\/li>\n<li>Capitalitzaci\u00f3 de l&#8217;atur per inici de negoci<\/li>\n<\/ul>\n\t\t\t\t\t\t\t\t<\/div>\n\t\t\t\t<\/div>\n\t\t\t\t<div class=\"elementor-element elementor-element-23eb122 elementor-widget elementor-widget-text-editor\" data-id=\"23eb122\" data-element_type=\"widget\" data-e-type=\"widget\" data-widget_type=\"text-editor.default\">\n\t\t\t\t<div class=\"elementor-widget-container\">\n\t\t\t\t\t\t\t\t\t<p>Des de <a href=\"http:\/\/www.bbsabogados.com\">BBS Advocats<\/a>, <strong>els assessorem i acompanyem<\/strong>, perqu\u00e8 vost\u00e8 tingui la seguretat i la tranquil\u00b7litat d&#8217;estar a les millors mans possibles. No dubti en contactar amb nosaltres omplint el seg\u00fcent formulari<\/a>, escrivint-nos a <a href=\"mailto:bbsabogados@bbsabogados.com\">bbsabogados@bbsabogados.com<\/a> o3 trucant al tel\u00e8fon 7 7 619 255 875.<\/p>\n\t\t\t\t\t\t\t\t<\/div>\n\t\t\t\t<\/div>\n\t\t\t\t<div class=\"elementor-element elementor-element-f4ccace elementor-widget elementor-widget-heading\" data-id=\"f4ccace\" data-element_type=\"widget\" data-e-type=\"widget\" data-widget_type=\"heading.default\">\n\t\t\t\t<div class=\"elementor-widget-container\">\n\t\t\t\t\t<h3 class=\"elementor-heading-title elementor-size-default\">news<\/h3>\t\t\t\t<\/div>\n\t\t\t\t<\/div>\n\t\t\t\t<div class=\"elementor-element elementor-element-419698b elementor-grid-3 elementor-grid-tablet-2 elementor-grid-mobile-1 elementor-widget elementor-widget-portfolio\" data-id=\"419698b\" data-element_type=\"widget\" data-e-type=\"widget\" data-settings=\"{&quot;columns&quot;:&quot;3&quot;,&quot;columns_tablet&quot;:&quot;2&quot;,&quot;columns_mobile&quot;:&quot;1&quot;,&quot;item_ratio&quot;:{&quot;unit&quot;:&quot;px&quot;,&quot;size&quot;:0.66,&quot;sizes&quot;:[]},&quot;item_gap&quot;:{&quot;unit&quot;:&quot;px&quot;,&quot;size&quot;:&quot;&quot;,&quot;sizes&quot;:[]},&quot;row_gap&quot;:{&quot;unit&quot;:&quot;px&quot;,&quot;size&quot;:&quot;&quot;,&quot;sizes&quot;:[]}}\" data-widget_type=\"portfolio.default\">\n\t\t\t\t<div class=\"elementor-widget-container\">\n\t\t\t\t\t\t\t<div class=\"elementor-portfolio elementor-grid elementor-posts-container\" role=\"list\">\n\t\t\t\t<article class=\"elementor-portfolio-item elementor-post  post-11975 post type-post status-publish format-standard has-post-thumbnail hentry category-assesorament-hipoteques category-hipoteca-inversa-ca category-hipoteca-tranquillitat-creixent category-hipoteques-multidivisa-ca category-irph-ca category-noticies-juridiques category-noticies-juridiques-novetats-legals-rellevants\" role=\"listitem\">\n\t\t\t<a class=\"elementor-post__thumbnail__link\" href=\"https:\/\/www.bbsabogados.com\/ca\/advocats-experts-en-irph-nullitat-devolucio-dinteressos-i-exit-judicial-garantit\/\">\n\t\t\t\t<div class=\"elementor-portfolio-item__img elementor-post__thumbnail\">\n\t\t\t<img decoding=\"async\" width=\"402\" height=\"253\" src=\"https:\/\/www.bbsabogados.com\/wp-content\/uploads\/2025\/10\/expertos-en-irph-1.webp\" class=\"attachment-full size-full wp-image-12102\" alt=\"Abogados expertos en IRPH\" srcset=\"https:\/\/www.bbsabogados.com\/wp-content\/uploads\/2025\/10\/expertos-en-irph-1.webp 402w, https:\/\/www.bbsabogados.com\/wp-content\/uploads\/2025\/10\/expertos-en-irph-1-300x189.webp 300w\" sizes=\"(max-width: 402px) 100vw, 402px\" \/>\t\t<\/div>\n\t\t\t\t<div class=\"elementor-portfolio-item__overlay\">\n\t\t\t\t<h3 class=\"elementor-portfolio-item__title\">\n\t\tAdvocats experts en IRPH: nul\u00b7litat, devoluci\u00f3 d&#8217;interessos i \u00e8xit judicial garantit\t\t<\/h3>\n\t\t\t\t<\/div>\n\t\t\t\t<\/a>\n\t\t<\/article>\n\t\t\t\t<article class=\"elementor-portfolio-item elementor-post  post-10103 post type-post status-publish format-standard has-post-thumbnail hentry category-cda-triodos-bank-certificat-de-diposits-per-a-accions category-noticies-juridiques category-noticies-juridiques-novetats-legals-rellevants tag-cda-ca tag-sentencies tag-tridosbank-ca tag-triodos-ca\" role=\"listitem\">\n\t\t\t<a class=\"elementor-post__thumbnail__link\" href=\"https:\/\/www.bbsabogados.com\/ca\/cdas-triodos-bank-sentencia-favorable-a-madrid\/\">\n\t\t\t\t<div class=\"elementor-portfolio-item__img elementor-post__thumbnail\">\n\t\t\t<img decoding=\"async\" width=\"638\" height=\"402\" src=\"https:\/\/www.bbsabogados.com\/wp-content\/uploads\/2024\/10\/CDAs-Triodos-Bank-Sentencia-favorable-en-Madrid.jpg\" class=\"attachment-full size-full wp-image-10090\" alt=\"\" srcset=\"https:\/\/www.bbsabogados.com\/wp-content\/uploads\/2024\/10\/CDAs-Triodos-Bank-Sentencia-favorable-en-Madrid.jpg 638w, https:\/\/www.bbsabogados.com\/wp-content\/uploads\/2024\/10\/CDAs-Triodos-Bank-Sentencia-favorable-en-Madrid-300x189.jpg 300w\" sizes=\"(max-width: 638px) 100vw, 638px\" \/>\t\t<\/div>\n\t\t\t\t<div class=\"elementor-portfolio-item__overlay\">\n\t\t\t\t<h3 class=\"elementor-portfolio-item__title\">\n\t\tCDAs Triodos Bank: Sent\u00e8ncia favorable a Madrid\t\t<\/h3>\n\t\t\t\t<\/div>\n\t\t\t\t<\/a>\n\t\t<\/article>\n\t\t\t\t<article class=\"elementor-portfolio-item elementor-post  post-9241 post type-post status-publish format-standard has-post-thumbnail hentry category-cda-triodos-bank-certificat-de-diposits-per-a-accions category-noticies-juridiques-novetats-legals-rellevants category-noticies-juridiques category-sentencies-destacades-bbs-advocats\" role=\"listitem\">\n\t\t\t<a class=\"elementor-post__thumbnail__link\" href=\"https:\/\/www.bbsabogados.com\/ca\/triodos-bank-condemnada-a-saragossa-per-venda-de-cdas-a-un-matrimono-per-la-suma-de-770-40634-e\/\">\n\t\t\t\t<div class=\"elementor-portfolio-item__img elementor-post__thumbnail\">\n\t\t\t<img loading=\"lazy\" decoding=\"async\" width=\"638\" height=\"402\" src=\"https:\/\/www.bbsabogados.com\/wp-content\/uploads\/2023\/12\/triodos_sentencia_zaragoza_2023_web.jpg\" class=\"attachment-full size-full wp-image-9149\" alt=\"Triodos Bank Condenada en Zaragoza.\" srcset=\"https:\/\/www.bbsabogados.com\/wp-content\/uploads\/2023\/12\/triodos_sentencia_zaragoza_2023_web.jpg 638w, https:\/\/www.bbsabogados.com\/wp-content\/uploads\/2023\/12\/triodos_sentencia_zaragoza_2023_web-300x189.jpg 300w\" sizes=\"(max-width: 638px) 100vw, 638px\" \/>\t\t<\/div>\n\t\t\t\t<div class=\"elementor-portfolio-item__overlay\">\n\t\t\t\t<h3 class=\"elementor-portfolio-item__title\">\n\t\tTriodos Bank Condemnada a Saragossa per Venda de CDAs a un Matrimono per la Suma de 770.406,34.-\u20ac\t\t<\/h3>\n\t\t\t\t<\/div>\n\t\t\t\t<\/a>\n\t\t<\/article>\n\t\t\t\t<article class=\"elementor-portfolio-item elementor-post  post-8761 post type-post status-publish format-standard has-post-thumbnail hentry category-cda-triodos-bank-certificat-de-diposits-per-a-accions\" role=\"listitem\">\n\t\t\t<a class=\"elementor-post__thumbnail__link\" href=\"https:\/\/www.bbsabogados.com\/ca\/cotitzacio-dels-cdas-de-triodos-al-sistema-de-captin\/\">\n\t\t\t\t<div class=\"elementor-portfolio-item__img elementor-post__thumbnail\">\n\t\t\t<img loading=\"lazy\" decoding=\"async\" width=\"638\" height=\"402\" src=\"https:\/\/www.bbsabogados.com\/wp-content\/uploads\/2023\/07\/CDAs-triodos-baja-cotizacion-captin.jpg\" class=\"attachment-full size-full wp-image-8752\" alt=\"Baja cotizaci\u00f3n CDAs Triodos Captin\" srcset=\"https:\/\/www.bbsabogados.com\/wp-content\/uploads\/2023\/07\/CDAs-triodos-baja-cotizacion-captin.jpg 638w, https:\/\/www.bbsabogados.com\/wp-content\/uploads\/2023\/07\/CDAs-triodos-baja-cotizacion-captin-300x189.jpg 300w\" sizes=\"(max-width: 638px) 100vw, 638px\" \/>\t\t<\/div>\n\t\t\t\t<div class=\"elementor-portfolio-item__overlay\">\n\t\t\t\t<h3 class=\"elementor-portfolio-item__title\">\n\t\tCotitzaci\u00f3 dels CDAs de Triodos al sistema de Captin\t\t<\/h3>\n\t\t\t\t<\/div>\n\t\t\t\t<\/a>\n\t\t<\/article>\n\t\t\t\t<article class=\"elementor-portfolio-item elementor-post  post-8759 post type-post status-publish format-standard has-post-thumbnail hentry category-hipoteques-multidivisa-ca\" role=\"listitem\">\n\t\t\t<a class=\"elementor-post__thumbnail__link\" href=\"https:\/\/www.bbsabogados.com\/ca\/obtenim-sentencia-del-suprem-que-declara-la-nullitat-duna-hipoteca-multidivisa-dun-pilot\/\">\n\t\t\t\t<div class=\"elementor-portfolio-item__img elementor-post__thumbnail\">\n\t\t\t<img loading=\"lazy\" decoding=\"async\" width=\"638\" height=\"402\" src=\"https:\/\/www.bbsabogados.com\/wp-content\/uploads\/2023\/07\/Supremo-que-declara-la-nulidad-de-una-Hipoteca-Multidivisa-de-un-Piloto-1.jpg\" class=\"attachment-full size-full wp-image-8786\" alt=\"Obtenemos Sentencia del Supremo que declara la nulidad de una Hipoteca Multidivisa de un Piloto.\" srcset=\"https:\/\/www.bbsabogados.com\/wp-content\/uploads\/2023\/07\/Supremo-que-declara-la-nulidad-de-una-Hipoteca-Multidivisa-de-un-Piloto-1.jpg 638w, https:\/\/www.bbsabogados.com\/wp-content\/uploads\/2023\/07\/Supremo-que-declara-la-nulidad-de-una-Hipoteca-Multidivisa-de-un-Piloto-1-300x189.jpg 300w\" sizes=\"(max-width: 638px) 100vw, 638px\" \/>\t\t<\/div>\n\t\t\t\t<div class=\"elementor-portfolio-item__overlay\">\n\t\t\t\t<h3 class=\"elementor-portfolio-item__title\">\n\t\tObtenim Sent\u00e8ncia del Suprem que declara la nul\u00b7litat d\u201funa Hipoteca Multidivisa d\u201fun Pilot.\t\t<\/h3>\n\t\t\t\t<\/div>\n\t\t\t\t<\/a>\n\t\t<\/article>\n\t\t\t\t<article class=\"elementor-portfolio-item elementor-post  post-8595 post type-post status-publish format-standard has-post-thumbnail hentry category-dret-gestio-immobiliaria-ca\" role=\"listitem\">\n\t\t\t<a class=\"elementor-post__thumbnail__link\" href=\"https:\/\/www.bbsabogados.com\/ca\/despeses-compravenda-habitatge\/\">\n\t\t\t\t<div class=\"elementor-portfolio-item__img elementor-post__thumbnail\">\n\t\t\t<img loading=\"lazy\" decoding=\"async\" width=\"450\" height=\"300\" src=\"https:\/\/www.bbsabogados.com\/wp-content\/uploads\/2020\/06\/general_blogs3.jpg\" class=\"attachment-full size-full wp-image-2329\" alt=\"bbs abogados\" srcset=\"https:\/\/www.bbsabogados.com\/wp-content\/uploads\/2020\/06\/general_blogs3.jpg 450w, https:\/\/www.bbsabogados.com\/wp-content\/uploads\/2020\/06\/general_blogs3-300x200.jpg 300w\" sizes=\"(max-width: 450px) 100vw, 450px\" \/>\t\t<\/div>\n\t\t\t\t<div class=\"elementor-portfolio-item__overlay\">\n\t\t\t\t<h3 class=\"elementor-portfolio-item__title\">\n\t\tdespeses compravenda habitatge\t\t<\/h3>\n\t\t\t\t<\/div>\n\t\t\t\t<\/a>\n\t\t<\/article>\n\t\t\t\t<\/div>\n\t\t\t\t\t\t<\/div>\n\t\t\t\t<\/div>\n\t\t\t\t\t<\/div>\n\t\t<\/div>\n\t\t\t\t\t<\/div>\n\t\t<\/section>\n\t\t\t\t\t<\/div>\n\t\t<\/div>\n\t\t\t\t\t<\/div>\n\t\t<\/section>\n\t\t\t\t<\/div>\n\t\t","protected":false},"excerpt":{"rendered":"<p>Creat el 1988 BBS Advocats Associats Assessors Legals i Tributaris est\u00e0 especialitzat en tots els camps que componen el dret de l&#8217;empresa Dret Laboral i Seguretat Social &#8220;M\u00c0XIMA SERIETAT I CONFIAN\u00c7A PER GESTIONAR LES SEVES RELACIONS LABORALS&#8221; Dret Laboral i Seguretat Social. Actualment la gesti\u00f3 i la planificaci\u00f3 de les relacions laborals, \u00e9s un dels [&hellip;]<\/p>\n","protected":false},"author":2,"featured_media":2329,"parent":0,"menu_order":0,"comment_status":"closed","ping_status":"closed","template":"","meta":{"_acf_changed":false,"_monsterinsights_skip_tracking":false,"_monsterinsights_sitenote_active":false,"_monsterinsights_sitenote_note":"","_monsterinsights_sitenote_category":0,"footnotes":""},"class_list":["post-3941","page","type-page","status-publish","has-post-thumbnail","hentry"],"acf":[],"yoast_head":"<!-- This site is optimized with the Yoast SEO plugin v27.2 - https:\/\/yoast.com\/product\/yoast-seo-wordpress\/ -->\n<title>Dret Laboral i Seguretat Social - Despacho BBS Abogados<\/title>\n<meta name=\"description\" content=\"Dret laboral i seguretat social, BBS Advocats gestiona i planifica els aspectes que m\u00e9s preocupen per a empreses, treballadors i aut\u00f2noms.\" \/>\n<meta name=\"robots\" content=\"index, follow, max-snippet:-1, max-image-preview:large, max-video-preview:-1\" \/>\n<link rel=\"canonical\" href=\"https:\/\/www.bbsabogados.com\/ca\/dret-laboral-i-seguretat-social\/\" \/>\n<meta property=\"og:locale\" content=\"ca_ES\" \/>\n<meta property=\"og:type\" content=\"article\" \/>\n<meta property=\"og:title\" content=\"Dret Laboral i Seguretat Social - Despacho BBS Abogados\" \/>\n<meta property=\"og:description\" content=\"Dret laboral i seguretat social, BBS Advocats gestiona i planifica els aspectes que m\u00e9s preocupen per a empreses, treballadors i aut\u00f2noms.\" \/>\n<meta property=\"og:url\" content=\"https:\/\/www.bbsabogados.com\/ca\/dret-laboral-i-seguretat-social\/\" \/>\n<meta property=\"og:site_name\" content=\"Despacho BBS Abogados\" \/>\n<meta property=\"article:publisher\" content=\"https:\/\/www.linkedin.com\/in\/arcadi-sala-planell-bbs-abogados-29a37516\/\" \/>\n<meta property=\"article:modified_time\" content=\"2025-11-30T13:04:19+00:00\" \/>\n<meta property=\"og:image\" content=\"https:\/\/www.bbsabogados.com\/wp-content\/uploads\/2020\/06\/general_blogs3.jpg\" \/>\n\t<meta property=\"og:image:width\" content=\"450\" \/>\n\t<meta property=\"og:image:height\" content=\"300\" \/>\n\t<meta property=\"og:image:type\" content=\"image\/jpeg\" \/>\n<meta name=\"twitter:card\" content=\"summary_large_image\" \/>\n<meta name=\"twitter:site\" content=\"@bbsabogados\" \/>\n<meta name=\"twitter:label1\" content=\"Temps estimat de lectura\" \/>\n\t<meta name=\"twitter:data1\" content=\"3 minuts\" \/>\n<script type=\"application\/ld+json\" class=\"yoast-schema-graph\">{\"@context\":\"https:\/\/schema.org\",\"@graph\":[{\"@type\":\"WebPage\",\"@id\":\"https:\/\/www.bbsabogados.com\/ca\/dret-laboral-i-seguretat-social\/\",\"url\":\"https:\/\/www.bbsabogados.com\/ca\/dret-laboral-i-seguretat-social\/\",\"name\":\"Dret Laboral i Seguretat Social - Despacho BBS Abogados\",\"isPartOf\":{\"@id\":\"https:\/\/www.bbsabogados.com\/ca\/#website\"},\"primaryImageOfPage\":{\"@id\":\"https:\/\/www.bbsabogados.com\/ca\/dret-laboral-i-seguretat-social\/#primaryimage\"},\"image\":{\"@id\":\"https:\/\/www.bbsabogados.com\/ca\/dret-laboral-i-seguretat-social\/#primaryimage\"},\"thumbnailUrl\":\"https:\/\/www.bbsabogados.com\/wp-content\/uploads\/2020\/06\/general_blogs3.jpg\",\"datePublished\":\"2021-01-07T09:34:38+00:00\",\"dateModified\":\"2025-11-30T13:04:19+00:00\",\"description\":\"Dret laboral i seguretat social, BBS Advocats gestiona i planifica els aspectes que m\u00e9s preocupen per a empreses, treballadors i aut\u00f2noms.\",\"breadcrumb\":{\"@id\":\"https:\/\/www.bbsabogados.com\/ca\/dret-laboral-i-seguretat-social\/#breadcrumb\"},\"inLanguage\":\"ca\",\"potentialAction\":[{\"@type\":\"ReadAction\",\"target\":[\"https:\/\/www.bbsabogados.com\/ca\/dret-laboral-i-seguretat-social\/\"]}]},{\"@type\":\"ImageObject\",\"inLanguage\":\"ca\",\"@id\":\"https:\/\/www.bbsabogados.com\/ca\/dret-laboral-i-seguretat-social\/#primaryimage\",\"url\":\"https:\/\/www.bbsabogados.com\/wp-content\/uploads\/2020\/06\/general_blogs3.jpg\",\"contentUrl\":\"https:\/\/www.bbsabogados.com\/wp-content\/uploads\/2020\/06\/general_blogs3.jpg\",\"width\":450,\"height\":300,\"caption\":\"bbs abogados\"},{\"@type\":\"BreadcrumbList\",\"@id\":\"https:\/\/www.bbsabogados.com\/ca\/dret-laboral-i-seguretat-social\/#breadcrumb\",\"itemListElement\":[{\"@type\":\"ListItem\",\"position\":1,\"name\":\"Inicio\",\"item\":\"https:\/\/www.bbsabogados.com\/ca\/\"},{\"@type\":\"ListItem\",\"position\":2,\"name\":\"Dret Laboral i Seguretat Social\"}]},{\"@type\":\"WebSite\",\"@id\":\"https:\/\/www.bbsabogados.com\/ca\/#website\",\"url\":\"https:\/\/www.bbsabogados.com\/ca\/\",\"name\":\"BBS Abogados\",\"description\":\"Expertos en Derecho Bancario y Financiero\",\"publisher\":{\"@id\":\"https:\/\/www.bbsabogados.com\/ca\/#organization\"},\"potentialAction\":[{\"@type\":\"SearchAction\",\"target\":{\"@type\":\"EntryPoint\",\"urlTemplate\":\"https:\/\/www.bbsabogados.com\/ca\/?s={search_term_string}\"},\"query-input\":{\"@type\":\"PropertyValueSpecification\",\"valueRequired\":true,\"valueName\":\"search_term_string\"}}],\"inLanguage\":\"ca\"},{\"@type\":\"Organization\",\"@id\":\"https:\/\/www.bbsabogados.com\/ca\/#organization\",\"name\":\"BBS Abogados\",\"url\":\"https:\/\/www.bbsabogados.com\/ca\/\",\"logo\":{\"@type\":\"ImageObject\",\"inLanguage\":\"ca\",\"@id\":\"https:\/\/www.bbsabogados.com\/ca\/#\/schema\/logo\/image\/\",\"url\":\"https:\/\/www.bbsabogados.com\/wp-content\/uploads\/2020\/02\/LOGO_Abogados_BBS.png\",\"contentUrl\":\"https:\/\/www.bbsabogados.com\/wp-content\/uploads\/2020\/02\/LOGO_Abogados_BBS.png\",\"width\":130,\"height\":83,\"caption\":\"BBS Abogados\"},\"image\":{\"@id\":\"https:\/\/www.bbsabogados.com\/ca\/#\/schema\/logo\/image\/\"},\"sameAs\":[\"https:\/\/www.linkedin.com\/in\/arcadi-sala-planell-bbs-abogados-29a37516\/\",\"https:\/\/x.com\/bbsabogados\",\"https:\/\/www.facebook.com\/pages\/BBS-Abogados-y-Asesores-Financieros\/161040880606162\",\"https:\/\/www.instagram.com\/bbsabogados\/\"]}]}<\/script>\n<!-- \/ Yoast SEO plugin. -->","yoast_head_json":{"title":"Dret Laboral i Seguretat Social - Despacho BBS Abogados","description":"Dret laboral i seguretat social, BBS Advocats gestiona i planifica els aspectes que m\u00e9s preocupen per a empreses, treballadors i aut\u00f2noms.","robots":{"index":"index","follow":"follow","max-snippet":"max-snippet:-1","max-image-preview":"max-image-preview:large","max-video-preview":"max-video-preview:-1"},"canonical":"https:\/\/www.bbsabogados.com\/ca\/dret-laboral-i-seguretat-social\/","og_locale":"ca_ES","og_type":"article","og_title":"Dret Laboral i Seguretat Social - Despacho BBS Abogados","og_description":"Dret laboral i seguretat social, BBS Advocats gestiona i planifica els aspectes que m\u00e9s preocupen per a empreses, treballadors i aut\u00f2noms.","og_url":"https:\/\/www.bbsabogados.com\/ca\/dret-laboral-i-seguretat-social\/","og_site_name":"Despacho BBS Abogados","article_publisher":"https:\/\/www.linkedin.com\/in\/arcadi-sala-planell-bbs-abogados-29a37516\/","article_modified_time":"2025-11-30T13:04:19+00:00","og_image":[{"width":450,"height":300,"url":"https:\/\/www.bbsabogados.com\/wp-content\/uploads\/2020\/06\/general_blogs3.jpg","type":"image\/jpeg"}],"twitter_card":"summary_large_image","twitter_site":"@bbsabogados","twitter_misc":{"Temps estimat de lectura":"3 minuts"},"schema":{"@context":"https:\/\/schema.org","@graph":[{"@type":"WebPage","@id":"https:\/\/www.bbsabogados.com\/ca\/dret-laboral-i-seguretat-social\/","url":"https:\/\/www.bbsabogados.com\/ca\/dret-laboral-i-seguretat-social\/","name":"Dret Laboral i Seguretat Social - Despacho BBS Abogados","isPartOf":{"@id":"https:\/\/www.bbsabogados.com\/ca\/#website"},"primaryImageOfPage":{"@id":"https:\/\/www.bbsabogados.com\/ca\/dret-laboral-i-seguretat-social\/#primaryimage"},"image":{"@id":"https:\/\/www.bbsabogados.com\/ca\/dret-laboral-i-seguretat-social\/#primaryimage"},"thumbnailUrl":"https:\/\/www.bbsabogados.com\/wp-content\/uploads\/2020\/06\/general_blogs3.jpg","datePublished":"2021-01-07T09:34:38+00:00","dateModified":"2025-11-30T13:04:19+00:00","description":"Dret laboral i seguretat social, BBS Advocats gestiona i planifica els aspectes que m\u00e9s preocupen per a empreses, treballadors i aut\u00f2noms.","breadcrumb":{"@id":"https:\/\/www.bbsabogados.com\/ca\/dret-laboral-i-seguretat-social\/#breadcrumb"},"inLanguage":"ca","potentialAction":[{"@type":"ReadAction","target":["https:\/\/www.bbsabogados.com\/ca\/dret-laboral-i-seguretat-social\/"]}]},{"@type":"ImageObject","inLanguage":"ca","@id":"https:\/\/www.bbsabogados.com\/ca\/dret-laboral-i-seguretat-social\/#primaryimage","url":"https:\/\/www.bbsabogados.com\/wp-content\/uploads\/2020\/06\/general_blogs3.jpg","contentUrl":"https:\/\/www.bbsabogados.com\/wp-content\/uploads\/2020\/06\/general_blogs3.jpg","width":450,"height":300,"caption":"bbs abogados"},{"@type":"BreadcrumbList","@id":"https:\/\/www.bbsabogados.com\/ca\/dret-laboral-i-seguretat-social\/#breadcrumb","itemListElement":[{"@type":"ListItem","position":1,"name":"Inicio","item":"https:\/\/www.bbsabogados.com\/ca\/"},{"@type":"ListItem","position":2,"name":"Dret Laboral i Seguretat Social"}]},{"@type":"WebSite","@id":"https:\/\/www.bbsabogados.com\/ca\/#website","url":"https:\/\/www.bbsabogados.com\/ca\/","name":"BBS Abogados","description":"Expertos en Derecho Bancario y Financiero","publisher":{"@id":"https:\/\/www.bbsabogados.com\/ca\/#organization"},"potentialAction":[{"@type":"SearchAction","target":{"@type":"EntryPoint","urlTemplate":"https:\/\/www.bbsabogados.com\/ca\/?s={search_term_string}"},"query-input":{"@type":"PropertyValueSpecification","valueRequired":true,"valueName":"search_term_string"}}],"inLanguage":"ca"},{"@type":"Organization","@id":"https:\/\/www.bbsabogados.com\/ca\/#organization","name":"BBS Abogados","url":"https:\/\/www.bbsabogados.com\/ca\/","logo":{"@type":"ImageObject","inLanguage":"ca","@id":"https:\/\/www.bbsabogados.com\/ca\/#\/schema\/logo\/image\/","url":"https:\/\/www.bbsabogados.com\/wp-content\/uploads\/2020\/02\/LOGO_Abogados_BBS.png","contentUrl":"https:\/\/www.bbsabogados.com\/wp-content\/uploads\/2020\/02\/LOGO_Abogados_BBS.png","width":130,"height":83,"caption":"BBS Abogados"},"image":{"@id":"https:\/\/www.bbsabogados.com\/ca\/#\/schema\/logo\/image\/"},"sameAs":["https:\/\/www.linkedin.com\/in\/arcadi-sala-planell-bbs-abogados-29a37516\/","https:\/\/x.com\/bbsabogados","https:\/\/www.facebook.com\/pages\/BBS-Abogados-y-Asesores-Financieros\/161040880606162","https:\/\/www.instagram.com\/bbsabogados\/"]}]}},"_links":{"self":[{"href":"https:\/\/www.bbsabogados.com\/ca\/wp-json\/wp\/v2\/pages\/3941","targetHints":{"allow":["GET"]}}],"collection":[{"href":"https:\/\/www.bbsabogados.com\/ca\/wp-json\/wp\/v2\/pages"}],"about":[{"href":"https:\/\/www.bbsabogados.com\/ca\/wp-json\/wp\/v2\/types\/page"}],"author":[{"embeddable":true,"href":"https:\/\/www.bbsabogados.com\/ca\/wp-json\/wp\/v2\/users\/2"}],"replies":[{"embeddable":true,"href":"https:\/\/www.bbsabogados.com\/ca\/wp-json\/wp\/v2\/comments?post=3941"}],"version-history":[{"count":2,"href":"https:\/\/www.bbsabogados.com\/ca\/wp-json\/wp\/v2\/pages\/3941\/revisions"}],"predecessor-version":[{"id":12748,"href":"https:\/\/www.bbsabogados.com\/ca\/wp-json\/wp\/v2\/pages\/3941\/revisions\/12748"}],"wp:featuredmedia":[{"embeddable":true,"href":"https:\/\/www.bbsabogados.com\/ca\/wp-json\/wp\/v2\/media\/2329"}],"wp:attachment":[{"href":"https:\/\/www.bbsabogados.com\/ca\/wp-json\/wp\/v2\/media?parent=3941"}],"curies":[{"name":"wp","href":"https:\/\/api.w.org\/{rel}","templated":true}]}}